{"id":58,"date":"2019-09-26T09:20:40","date_gmt":"2019-09-26T09:20:40","guid":{"rendered":"https:\/\/tecwin.de\/cms-wp\/?page_id=58"},"modified":"2026-04-16T13:17:33","modified_gmt":"2026-04-16T11:17:33","slug":"gehrden-ronnenberg-dies-und-das","status":"publish","type":"page","link":"https:\/\/www.kreislandfrauen-hannover.de\/?page_id=58","title":{"rendered":"Gehrden-Ronnenberg Dies und Das"},"content":{"rendered":"<div class=\"wp-block-image\">\n<figure class=\"aligncenter\"><img loading=\"lazy\" decoding=\"async\" width=\"498\" height=\"102\" src=\"https:\/\/www.kreislandfrauen-hannover.de\/wp-content\/uploads\/2019\/09\/g-logo.png\" alt=\"\" class=\"wp-image-541\" srcset=\"https:\/\/www.kreislandfrauen-hannover.de\/wp-content\/uploads\/2019\/09\/g-logo.png 498w, https:\/\/www.kreislandfrauen-hannover.de\/wp-content\/uploads\/2019\/09\/g-logo-300x61.png 300w\" sizes=\"auto, (max-width: 498px) 100vw, 498px\" \/><\/figure>\n<\/div>\n\n\n<h2 class=\"wp-block-heading has-text-align-center\">Dies und Das<\/h2>\n\n\n\n<hr class=\"wp-block-separator has-alpha-channel-opacity is-style-wide\"\/>\n\n\n\n<p class=\"has-text-align-center has-medium-font-size\"><strong>15.04.2026 Versammlung mit Lesung im Sportpark Wettbergen<\/strong><\/p>\n\n\n\n<p>Am 15.04.2026 fand unsere letzte Veranstaltung vor der Sommerpause im Sportpark Wettbergen mit einer Lesung von Maike D\u00f6bbeling statt.<\/p>\n\n\n\n<figure class=\"wp-block-image size-full is-resized\"><img loading=\"lazy\" decoding=\"async\" width=\"960\" height=\"720\" src=\"https:\/\/www.kreislandfrauen-hannover.de\/wp-content\/uploads\/2026\/04\/105.jpg\" alt=\"\" class=\"wp-image-8480\" style=\"width:737px;height:auto\" srcset=\"https:\/\/www.kreislandfrauen-hannover.de\/wp-content\/uploads\/2026\/04\/105.jpg 960w, https:\/\/www.kreislandfrauen-hannover.de\/wp-content\/uploads\/2026\/04\/105-300x225.jpg 300w, https:\/\/www.kreislandfrauen-hannover.de\/wp-content\/uploads\/2026\/04\/105-768x576.jpg 768w\" sizes=\"auto, (max-width: 960px) 100vw, 960px\" \/><\/figure>\n\n\n\n<p>weiter lesen <a href=\"https:\/\/www.kreislandfrauen-hannover.de\/wp-content\/uploads\/2026\/04\/Lesung-Leuchtend-Blau-Maike-Doebbeling-April-2026.docx\">hier<\/a>.<\/p>\n\n\n\n<p>weitere Fotos <a href=\"https:\/\/photos.app.goo.gl\/94WCeM6pen3EwyeY8\">hier<\/a>.<\/p>\n\n\n\n<hr class=\"wp-block-separator has-alpha-channel-opacity is-style-wide\"\/>\n\n\n\n<p class=\"has-text-align-center has-medium-font-size\"><strong>Handarbeiten <\/strong><\/p>\n\n\n\n<p>Untenstehend ein paar Impressionen von unser Handarbeiten-Gruppe. <\/p>\n\n\n\n<figure class=\"wp-block-image size-large\"><img loading=\"lazy\" decoding=\"async\" width=\"769\" height=\"1024\" src=\"https:\/\/www.kreislandfrauen-hannover.de\/wp-content\/uploads\/2026\/03\/82-769x1024.jpg\" alt=\"\" class=\"wp-image-8347\" srcset=\"https:\/\/www.kreislandfrauen-hannover.de\/wp-content\/uploads\/2026\/03\/82-769x1024.jpg 769w, https:\/\/www.kreislandfrauen-hannover.de\/wp-content\/uploads\/2026\/03\/82-225x300.jpg 225w, https:\/\/www.kreislandfrauen-hannover.de\/wp-content\/uploads\/2026\/03\/82-768x1023.jpg 768w, https:\/\/www.kreislandfrauen-hannover.de\/wp-content\/uploads\/2026\/03\/82-1153x1536.jpg 1153w, https:\/\/www.kreislandfrauen-hannover.de\/wp-content\/uploads\/2026\/03\/82.jpg 1201w\" sizes=\"auto, (max-width: 769px) 100vw, 769px\" \/><\/figure>\n\n\n\n<p>weiter lesen <a href=\"https:\/\/www.kreislandfrauen-hannover.de\/wp-content\/uploads\/2026\/03\/Handarbeiten.docx\">hier<\/a>.<\/p>\n\n\n\n<p>weitere Fotos <a href=\"https:\/\/photos.app.goo.gl\/u6DS5cLWanExmiAx5\">hier<\/a>.<\/p>\n\n\n\n<hr class=\"wp-block-separator has-alpha-channel-opacity is-style-wide\"\/>\n\n\n\n<p class=\"has-text-align-center has-medium-font-size\"><strong>14.03.2026 Besuch der Kaffeemanufaktur<\/strong><\/p>\n\n\n\n<p>Am 14.03.2026 besuchten wir die Hannoversche Kaffeemanufaktur.<\/p>\n\n\n\n<figure class=\"wp-block-image size-large is-resized\"><img loading=\"lazy\" decoding=\"async\" width=\"965\" height=\"1024\" src=\"https:\/\/www.kreislandfrauen-hannover.de\/wp-content\/uploads\/2026\/03\/40814-965x1024.jpg\" alt=\"\" class=\"wp-image-8336\" style=\"aspect-ratio:0.9423973635311853;width:737px;height:auto\" srcset=\"https:\/\/www.kreislandfrauen-hannover.de\/wp-content\/uploads\/2026\/03\/40814-965x1024.jpg 965w, https:\/\/www.kreislandfrauen-hannover.de\/wp-content\/uploads\/2026\/03\/40814-283x300.jpg 283w, https:\/\/www.kreislandfrauen-hannover.de\/wp-content\/uploads\/2026\/03\/40814-768x815.jpg 768w, https:\/\/www.kreislandfrauen-hannover.de\/wp-content\/uploads\/2026\/03\/40814.jpg 1449w\" sizes=\"auto, (max-width: 965px) 100vw, 965px\" \/><\/figure>\n\n\n\n<p>weiter lesen <a href=\"https:\/\/www.kreislandfrauen-hannover.de\/wp-content\/uploads\/2026\/03\/Bericht-vom-14.03.2026-Kaffeemanufaktur.odt\">hier<\/a>.<\/p>\n\n\n\n<p>weitere Bilder <a href=\"https:\/\/photos.app.goo.gl\/RGMPW9i6UdKber6r8\">hier<\/a>.<\/p>\n\n\n\n<hr class=\"wp-block-separator has-alpha-channel-opacity is-style-wide\"\/>\n\n\n\n<p class=\"has-text-align-center has-medium-font-size\"><strong>11.03.2026 Versammlung mit Kaffee im DGH Holtensen<\/strong><\/p>\n\n\n\n<p>Am 11.03.2026 fand eine Versammlung im DGH Holtensen mit Kaffee und einem Vortrag von Herrn Borchardt statt.<\/p>\n\n\n\n<figure class=\"wp-block-image size-large is-resized\"><img loading=\"lazy\" decoding=\"async\" width=\"771\" height=\"1024\" src=\"https:\/\/www.kreislandfrauen-hannover.de\/wp-content\/uploads\/2026\/03\/40590-771x1024.jpg\" alt=\"\" class=\"wp-image-8335\" style=\"width:762px;height:auto\" srcset=\"https:\/\/www.kreislandfrauen-hannover.de\/wp-content\/uploads\/2026\/03\/40590-771x1024.jpg 771w, https:\/\/www.kreislandfrauen-hannover.de\/wp-content\/uploads\/2026\/03\/40590-226x300.jpg 226w, https:\/\/www.kreislandfrauen-hannover.de\/wp-content\/uploads\/2026\/03\/40590-768x1020.jpg 768w, https:\/\/www.kreislandfrauen-hannover.de\/wp-content\/uploads\/2026\/03\/40590-1157x1536.jpg 1157w, https:\/\/www.kreislandfrauen-hannover.de\/wp-content\/uploads\/2026\/03\/40590-1542x2048.jpg 1542w, https:\/\/www.kreislandfrauen-hannover.de\/wp-content\/uploads\/2026\/03\/40590-scaled.jpg 1928w\" sizes=\"auto, (max-width: 771px) 100vw, 771px\" \/><\/figure>\n\n\n\n<p>weiter lesen <a href=\"https:\/\/www.kreislandfrauen-hannover.de\/wp-content\/uploads\/2026\/03\/Bericht-vom-11.03.2026.docx\">hier<\/a>.<\/p>\n\n\n\n<p>weitere Bilder <a href=\"https:\/\/photos.app.goo.gl\/xmdUQhcnVuHYqaPs8\">hier<\/a>.<\/p>\n\n\n\n<hr class=\"wp-block-separator has-alpha-channel-opacity is-style-wide\"\/>\n\n\n\n<p class=\"has-text-align-center has-medium-font-size\"><strong>14.02.2026 Jahreshauptversammlung im DGH Holtensen<\/strong><\/p>\n\n\n\n<p>Am 14.02.2026 fand unsere Jahreshauptversammlung mit Fr\u00fchst\u00fcck im DGH Holtensen statt.<\/p>\n\n\n\n<figure class=\"wp-block-gallery has-nested-images columns-default is-cropped wp-block-gallery-1 is-layout-flex wp-block-gallery-is-layout-flex\">\n<figure class=\"wp-block-image size-large\"><img loading=\"lazy\" decoding=\"async\" width=\"1024\" height=\"768\" data-id=\"8306\" src=\"https:\/\/www.kreislandfrauen-hannover.de\/wp-content\/uploads\/2026\/02\/image-14-02-26-12-43-5-1024x768.jpeg\" alt=\"\" class=\"wp-image-8306\" srcset=\"https:\/\/www.kreislandfrauen-hannover.de\/wp-content\/uploads\/2026\/02\/image-14-02-26-12-43-5-1024x768.jpeg 1024w, https:\/\/www.kreislandfrauen-hannover.de\/wp-content\/uploads\/2026\/02\/image-14-02-26-12-43-5-300x225.jpeg 300w, https:\/\/www.kreislandfrauen-hannover.de\/wp-content\/uploads\/2026\/02\/image-14-02-26-12-43-5-768x576.jpeg 768w, https:\/\/www.kreislandfrauen-hannover.de\/wp-content\/uploads\/2026\/02\/image-14-02-26-12-43-5-1536x1152.jpeg 1536w, https:\/\/www.kreislandfrauen-hannover.de\/wp-content\/uploads\/2026\/02\/image-14-02-26-12-43-5.jpeg 1920w\" sizes=\"auto, (max-width: 1024px) 100vw, 1024px\" \/><\/figure>\n<\/figure>\n\n\n\n<p>Weitere Fotos <a href=\"https:\/\/photos.app.goo.gl\/qztMRUf3jevXcPb1A\">hier<\/a>.<\/p>\n\n\n\n<hr class=\"wp-block-separator has-alpha-channel-opacity is-style-wide\"\/>\n\n\n\n<p class=\"has-text-align-center has-medium-font-size\"><strong>08.01.2026 Versammlung mit Multivisionsvortrag in Hiddestorf<\/strong><\/p>\n\n\n\n<p>Am 08.01.2026 fand unsere erste Versammlung im neuen Jahr im Gemeindezentrum in Hiddestorf mit einem Multivisionsvortrag &#8222;Entlang der Riviera&#8220; von Michael Stuka statt.<\/p>\n\n\n\n<figure class=\"wp-block-image size-full\"><img loading=\"lazy\" decoding=\"async\" width=\"960\" height=\"720\" src=\"https:\/\/www.kreislandfrauen-hannover.de\/wp-content\/uploads\/2026\/01\/30.jpg\" alt=\"\" class=\"wp-image-8270\" srcset=\"https:\/\/www.kreislandfrauen-hannover.de\/wp-content\/uploads\/2026\/01\/30.jpg 960w, https:\/\/www.kreislandfrauen-hannover.de\/wp-content\/uploads\/2026\/01\/30-300x225.jpg 300w, https:\/\/www.kreislandfrauen-hannover.de\/wp-content\/uploads\/2026\/01\/30-768x576.jpg 768w\" sizes=\"auto, (max-width: 960px) 100vw, 960px\" \/><\/figure>\n\n\n\n<p>weiter lesen <a href=\"https:\/\/www.kreislandfrauen-hannover.de\/wp-content\/uploads\/2026\/01\/Januar-2026-Multivision-Michael-Stuka-Riviera.docx\">hier<\/a>.<\/p>\n\n\n\n<p>weitere Fotos <a href=\"https:\/\/photos.app.goo.gl\/eLY5aKsZhFU2M2iB9\">hier<\/a>. <\/p>\n\n\n\n<hr class=\"wp-block-separator alignfull has-alpha-channel-opacity is-style-wide\"\/>\n\n\n\n<p class=\"has-text-align-center has-medium-font-size\"><strong>12.12.2025 Weihnachtsversammlung im Fuchsbachtal Barsinghausen<\/strong><\/p>\n\n\n\n<p>Am 12.12.2025 fand unsere Weihnachtsversammlung im Sporthotel Fuchsbachtal mit Adventsausstellung statt.<\/p>\n\n\n\n<figure class=\"wp-block-image size-full is-resized\"><img loading=\"lazy\" decoding=\"async\" width=\"720\" height=\"960\" src=\"https:\/\/www.kreislandfrauen-hannover.de\/wp-content\/uploads\/2026\/01\/52.jpg\" alt=\"\" class=\"wp-image-8272\" style=\"width:707px;height:auto\" srcset=\"https:\/\/www.kreislandfrauen-hannover.de\/wp-content\/uploads\/2026\/01\/52.jpg 720w, https:\/\/www.kreislandfrauen-hannover.de\/wp-content\/uploads\/2026\/01\/52-225x300.jpg 225w\" sizes=\"auto, (max-width: 720px) 100vw, 720px\" \/><\/figure>\n\n\n\n<p>weiter lesen <a href=\"https:\/\/www.kreislandfrauen-hannover.de\/wp-content\/uploads\/2026\/01\/Adventsversammlung-2025.docx\">hier<\/a>. <\/p>\n\n\n\n<p>weitere Fotos <a href=\"https:\/\/photos.app.goo.gl\/DNJNvEkVPuCadrN37\">hier<\/a>. <\/p>\n\n\n\n<hr class=\"wp-block-separator has-alpha-channel-opacity is-style-wide\"\/>\n\n\n\n<p class=\"has-text-align-center has-medium-font-size\"><strong>08.11.2025 Fr\u00fchst\u00fccksversammlung DGH Holtensen<\/strong><\/p>\n\n\n\n<p>Am 08.11.2025 fand im DGH Holtensen unsere Fr\u00fchst\u00fccksversammlung mit einem Vortrag von Dr. Johannes Bruns zum Thema Herzgesundheit statt.<\/p>\n\n\n\n<figure class=\"wp-block-image size-full\"><img loading=\"lazy\" decoding=\"async\" width=\"720\" height=\"960\" src=\"https:\/\/www.kreislandfrauen-hannover.de\/wp-content\/uploads\/2025\/11\/image-08-11-25-08-23-3-1.jpeg\" alt=\"\" class=\"wp-image-8240\" srcset=\"https:\/\/www.kreislandfrauen-hannover.de\/wp-content\/uploads\/2025\/11\/image-08-11-25-08-23-3-1.jpeg 720w, https:\/\/www.kreislandfrauen-hannover.de\/wp-content\/uploads\/2025\/11\/image-08-11-25-08-23-3-1-225x300.jpeg 225w\" sizes=\"auto, (max-width: 720px) 100vw, 720px\" \/><\/figure>\n\n\n\n<p>Weiter lesen <a href=\"https:\/\/www.kreislandfrauen-hannover.de\/wp-content\/uploads\/2025\/11\/Fruehstuecksversammlung-November-2025.docx\">hier.<\/a><\/p>\n\n\n\n<p>Weitere Fotos <a href=\"https:\/\/photos.app.goo.gl\/4Zc7CA4pycjgxp9n9\">hier. <\/a><\/p>\n\n\n\n<hr class=\"wp-block-separator has-alpha-channel-opacity is-style-wide\"\/>\n\n\n\n<p class=\"has-text-align-center has-medium-font-size\"><strong>24.10.2025 Stadionf\u00fchrung Hannover 96<\/strong><\/p>\n\n\n\n<p>Am 24.10.2025 fand der erste Termin zur Stadionf\u00fchrung bei Hannover 96 in der Heinz-von-Heiden Arena statt.<\/p>\n\n\n\n<figure class=\"wp-block-image size-full is-resized\"><img loading=\"lazy\" decoding=\"async\" width=\"720\" height=\"960\" src=\"https:\/\/www.kreislandfrauen-hannover.de\/wp-content\/uploads\/2025\/10\/image-24-10-25-08-14-33.jpeg\" alt=\"\" class=\"wp-image-8208\" style=\"width:840px;height:auto\" srcset=\"https:\/\/www.kreislandfrauen-hannover.de\/wp-content\/uploads\/2025\/10\/image-24-10-25-08-14-33.jpeg 720w, https:\/\/www.kreislandfrauen-hannover.de\/wp-content\/uploads\/2025\/10\/image-24-10-25-08-14-33-225x300.jpeg 225w\" sizes=\"auto, (max-width: 720px) 100vw, 720px\" \/><\/figure>\n\n\n\n<p>Hier weiter <a href=\"https:\/\/www.kreislandfrauen-hannover.de\/wp-content\/uploads\/2025\/10\/Stadionfuehrung.docx\">lesen.<\/a><\/p>\n\n\n\n<p>Weitere Fotos <a href=\"https:\/\/photos.app.goo.gl\/wotGd83T1EwEit7A9\">hier.<\/a><\/p>\n\n\n\n<hr class=\"wp-block-separator has-alpha-channel-opacity is-style-wide\"\/>\n\n\n\n<p class=\"has-text-align-center has-medium-font-size\"><strong>09.10.2025 Versammlung im Sportpark Wettbergen<\/strong><\/p>\n\n\n\n<p>Am 09.10.2025 fand unsere erste Versammlung nach der Sommerpause statt. Die Versammlung war restlos ausverkauft und wir lauschten gespannt dem Vortrag von Arne-Torben Voigts.<\/p>\n\n\n\n<figure class=\"wp-block-image size-full\"><img loading=\"lazy\" decoding=\"async\" width=\"720\" height=\"960\" src=\"https:\/\/www.kreislandfrauen-hannover.de\/wp-content\/uploads\/2025\/10\/image-08-10-25-09-18-5-1.jpeg\" alt=\"\" class=\"wp-image-8196\" srcset=\"https:\/\/www.kreislandfrauen-hannover.de\/wp-content\/uploads\/2025\/10\/image-08-10-25-09-18-5-1.jpeg 720w, https:\/\/www.kreislandfrauen-hannover.de\/wp-content\/uploads\/2025\/10\/image-08-10-25-09-18-5-1-225x300.jpeg 225w\" sizes=\"auto, (max-width: 720px) 100vw, 720px\" \/><\/figure>\n\n\n\n<p>weiter lesen <a href=\"https:\/\/www.kreislandfrauen-hannover.de\/wp-content\/uploads\/2025\/10\/Bericht-vom-9.10.25.docx\">hier.<\/a><\/p>\n\n\n\n<p>Weitere Fotos <a href=\"https:\/\/photos.app.goo.gl\/Mcthwy3nNGnquWoF7\">hier.<\/a><\/p>\n\n\n\n<hr class=\"wp-block-separator has-alpha-channel-opacity is-style-wide\"\/>\n\n\n\n<p class=\"has-text-align-center has-medium-font-size\"><strong>15.05.2025 Besuch Landtag<\/strong><\/p>\n\n\n\n<p>Am 15.05.2025 sind wir mit den Ortsvertreterinnen einer Einladung von Brian Baatzsch gefolgt und haben den Landtag besichtigt. Wir hatten zwei Stunden eine sehr informative pers\u00f6nliche F\u00fchrung.<\/p>\n\n\n\n<p>Weitere Fotos <a href=\"https:\/\/photos.app.goo.gl\/FY2QvGMydetzirCH8\">hier.<\/a><\/p>\n\n\n\n<hr class=\"wp-block-separator has-alpha-channel-opacity is-style-wide\"\/>\n\n\n\n<p class=\"has-text-align-center has-medium-font-size\"><strong>07.05.2025 Tagesfahrt Magdeburg<\/strong><\/p>\n\n\n\n<p>Am 07.05.25 fand unsere Tagesfahrt nach Magdeburg statt.<\/p>\n\n\n\n<figure class=\"wp-block-image size-large\"><img loading=\"lazy\" decoding=\"async\" width=\"1024\" height=\"768\" src=\"https:\/\/www.kreislandfrauen-hannover.de\/wp-content\/uploads\/2025\/05\/IMG-20250508-WA0029-1024x768.jpg\" alt=\"\" class=\"wp-image-7830\" srcset=\"https:\/\/www.kreislandfrauen-hannover.de\/wp-content\/uploads\/2025\/05\/IMG-20250508-WA0029-1024x768.jpg 1024w, https:\/\/www.kreislandfrauen-hannover.de\/wp-content\/uploads\/2025\/05\/IMG-20250508-WA0029-300x225.jpg 300w, https:\/\/www.kreislandfrauen-hannover.de\/wp-content\/uploads\/2025\/05\/IMG-20250508-WA0029-768x576.jpg 768w, https:\/\/www.kreislandfrauen-hannover.de\/wp-content\/uploads\/2025\/05\/IMG-20250508-WA0029-1536x1152.jpg 1536w, https:\/\/www.kreislandfrauen-hannover.de\/wp-content\/uploads\/2025\/05\/IMG-20250508-WA0029.jpg 2048w\" sizes=\"auto, (max-width: 1024px) 100vw, 1024px\" \/><\/figure>\n\n\n\n<p>weitere Fotos <a href=\"https:\/\/photos.app.goo.gl\/NPw4vVwPEdpdB2bPA\">hier.<\/a><\/p>\n\n\n\n<p>Der Bericht <a href=\"https:\/\/www.kreislandfrauen-hannover.de\/wp-content\/uploads\/2025\/05\/Magdesburg-2025-Mai-2.docx\">hier.<\/a><\/p>\n\n\n\n<hr class=\"wp-block-separator has-alpha-channel-opacity is-style-wide\"\/>\n\n\n\n<p class=\"has-text-align-center has-medium-font-size\"><strong>April 2025 &#8211; Rossini u<\/strong><strong>nd Fahrradsicherheitstraining<\/strong><\/p>\n\n\n\n<p>Im April 2025 fanden verschiedene Unternehmungen in kleineren Gruppen statt. Untenstehend einige Eindr\u00fccke.<\/p>\n\n\n\n<figure class=\"wp-block-image size-large\"><img loading=\"lazy\" decoding=\"async\" width=\"1024\" height=\"987\" src=\"https:\/\/www.kreislandfrauen-hannover.de\/wp-content\/uploads\/2025\/04\/1000069770-1024x987.jpg\" alt=\"\" class=\"wp-image-7708\" srcset=\"https:\/\/www.kreislandfrauen-hannover.de\/wp-content\/uploads\/2025\/04\/1000069770-1024x987.jpg 1024w, https:\/\/www.kreislandfrauen-hannover.de\/wp-content\/uploads\/2025\/04\/1000069770-300x289.jpg 300w, https:\/\/www.kreislandfrauen-hannover.de\/wp-content\/uploads\/2025\/04\/1000069770-768x741.jpg 768w, https:\/\/www.kreislandfrauen-hannover.de\/wp-content\/uploads\/2025\/04\/1000069770-1536x1481.jpg 1536w, https:\/\/www.kreislandfrauen-hannover.de\/wp-content\/uploads\/2025\/04\/1000069770.jpg 1736w\" sizes=\"auto, (max-width: 1024px) 100vw, 1024px\" \/><\/figure>\n\n\n\n<p>Mehr Fotos <a href=\"https:\/\/photos.app.goo.gl\/Na3syo7nbzCRidpKA\">hier.<\/a><\/p>\n\n\n\n<p>Mehr lesen <a href=\"https:\/\/www.kreislandfrauen-hannover.de\/wp-content\/uploads\/2025\/04\/Aprilaktivitaeten.docx\">hier.<\/a><\/p>\n\n\n\n<hr class=\"wp-block-separator has-alpha-channel-opacity is-style-wide\"\/>\n\n\n\n<p class=\"has-text-align-center has-medium-font-size\"><strong>02.04.2025 Versammlung mit Multivisionsvortrag &#8222;Hawaii&#8220;<\/strong><\/p>\n\n\n\n<p>Am 02.04.2025 fand unsere letzte Versammlung vor der Sommerpause mit einem Multivisionsvortrag \u00fcber Hawaii statt.<\/p>\n\n\n\n<figure class=\"wp-block-image size-large\"><img loading=\"lazy\" decoding=\"async\" width=\"1024\" height=\"768\" src=\"https:\/\/www.kreislandfrauen-hannover.de\/wp-content\/uploads\/2025\/04\/image-02-04-25-09-09-1-1024x768.jpeg\" alt=\"\" class=\"wp-image-7681\" srcset=\"https:\/\/www.kreislandfrauen-hannover.de\/wp-content\/uploads\/2025\/04\/image-02-04-25-09-09-1-1024x768.jpeg 1024w, https:\/\/www.kreislandfrauen-hannover.de\/wp-content\/uploads\/2025\/04\/image-02-04-25-09-09-1-300x225.jpeg 300w, https:\/\/www.kreislandfrauen-hannover.de\/wp-content\/uploads\/2025\/04\/image-02-04-25-09-09-1-768x576.jpeg 768w, https:\/\/www.kreislandfrauen-hannover.de\/wp-content\/uploads\/2025\/04\/image-02-04-25-09-09-1-1536x1152.jpeg 1536w, https:\/\/www.kreislandfrauen-hannover.de\/wp-content\/uploads\/2025\/04\/image-02-04-25-09-09-1.jpeg 1920w\" sizes=\"auto, (max-width: 1024px) 100vw, 1024px\" \/><\/figure>\n\n\n\n<p>Mehr Fotos  <a href=\"https:\/\/photos.app.goo.gl\/QiDrzzYxRsKXkBz48\">hier.<\/a><\/p>\n\n\n\n<p>Mehr lesen <a href=\"https:\/\/www.kreislandfrauen-hannover.de\/wp-content\/uploads\/2025\/04\/Versammlung-am-2.4.2025.docx\">hier. <\/a><\/p>\n\n\n\n<hr class=\"wp-block-separator has-alpha-channel-opacity is-style-wide\"\/>\n\n\n\n<p class=\"has-text-align-center has-medium-font-size\"><strong>06.03.2025 Besichtigung Pelikan<\/strong><\/p>\n\n\n\n<p>Am 06.03.2025 besuchte eine kleine Gruppe den Sitz von Pelikan.<\/p>\n\n\n\n<figure class=\"wp-block-image size-large\"><img loading=\"lazy\" decoding=\"async\" width=\"987\" height=\"1024\" src=\"https:\/\/www.kreislandfrauen-hannover.de\/wp-content\/uploads\/2025\/03\/IMG-20250306-WA0000-987x1024.jpg\" alt=\"\" class=\"wp-image-7639\" srcset=\"https:\/\/www.kreislandfrauen-hannover.de\/wp-content\/uploads\/2025\/03\/IMG-20250306-WA0000-987x1024.jpg 987w, https:\/\/www.kreislandfrauen-hannover.de\/wp-content\/uploads\/2025\/03\/IMG-20250306-WA0000-289x300.jpg 289w, https:\/\/www.kreislandfrauen-hannover.de\/wp-content\/uploads\/2025\/03\/IMG-20250306-WA0000-768x797.jpg 768w, https:\/\/www.kreislandfrauen-hannover.de\/wp-content\/uploads\/2025\/03\/IMG-20250306-WA0000-1480x1536.jpg 1480w, https:\/\/www.kreislandfrauen-hannover.de\/wp-content\/uploads\/2025\/03\/IMG-20250306-WA0000.jpg 1973w\" sizes=\"auto, (max-width: 987px) 100vw, 987px\" \/><\/figure>\n\n\n\n<p>Mehr lesen <a href=\"https:\/\/www.kreislandfrauen-hannover.de\/wp-content\/uploads\/2025\/03\/Bericht-Pelikan.docx\">hier. <\/a><\/p>\n\n\n\n<p>Mehr Fotos <a href=\"https:\/\/photos.app.goo.gl\/ve3gBEDkNrmwXZ1b7\">hier.<\/a> <\/p>\n\n\n\n<hr class=\"wp-block-separator has-alpha-channel-opacity is-style-wide\"\/>\n\n\n\n<p class=\"has-text-align-center has-medium-font-size\"><strong>05.03.2025 Versammlung mit Krimilesung<\/strong><\/p>\n\n\n\n<p>Am 05.03.2025 fand eine Versammlung mit gemeinsamen Kaffeetrinken und einer Krimilesung statt.<\/p>\n\n\n\n<figure class=\"wp-block-image size-large\"><img loading=\"lazy\" decoding=\"async\" width=\"1024\" height=\"768\" src=\"https:\/\/www.kreislandfrauen-hannover.de\/wp-content\/uploads\/2025\/03\/IMG-20250306-WA0031-1024x768.jpg\" alt=\"\" class=\"wp-image-7640\" srcset=\"https:\/\/www.kreislandfrauen-hannover.de\/wp-content\/uploads\/2025\/03\/IMG-20250306-WA0031-1024x768.jpg 1024w, https:\/\/www.kreislandfrauen-hannover.de\/wp-content\/uploads\/2025\/03\/IMG-20250306-WA0031-300x225.jpg 300w, https:\/\/www.kreislandfrauen-hannover.de\/wp-content\/uploads\/2025\/03\/IMG-20250306-WA0031-768x576.jpg 768w, https:\/\/www.kreislandfrauen-hannover.de\/wp-content\/uploads\/2025\/03\/IMG-20250306-WA0031-1536x1152.jpg 1536w, https:\/\/www.kreislandfrauen-hannover.de\/wp-content\/uploads\/2025\/03\/IMG-20250306-WA0031.jpg 2048w\" sizes=\"auto, (max-width: 1024px) 100vw, 1024px\" \/><\/figure>\n\n\n\n<p>Mehr lesen <a href=\"https:\/\/www.kreislandfrauen-hannover.de\/wp-content\/uploads\/2025\/03\/Maerzversammlung-2025.docx\">hier.<\/a><\/p>\n\n\n\n<p>Mehr Fotos <a href=\"https:\/\/photos.app.goo.gl\/yqeXDwLNTzRa2275A\">hier.<\/a> <\/p>\n\n\n\n<hr class=\"wp-block-separator has-alpha-channel-opacity is-style-wide\"\/>\n\n\n\n<p class=\"has-text-align-center has-medium-font-size\"><strong>26.02.25 Planungstreffen mit den Ortsvertreterinnen<\/strong><\/p>\n\n\n\n<p>Am 26.02.2025 fand unser j\u00e4hrliches Planungstreffen mit den Ortsvertreterinnen statt.<\/p>\n\n\n\n<figure class=\"wp-block-image size-full\"><img loading=\"lazy\" decoding=\"async\" width=\"720\" height=\"960\" src=\"https:\/\/www.kreislandfrauen-hannover.de\/wp-content\/uploads\/2025\/03\/image-06-03-25-01-11-1.jpeg\" alt=\"\" class=\"wp-image-7641\" srcset=\"https:\/\/www.kreislandfrauen-hannover.de\/wp-content\/uploads\/2025\/03\/image-06-03-25-01-11-1.jpeg 720w, https:\/\/www.kreislandfrauen-hannover.de\/wp-content\/uploads\/2025\/03\/image-06-03-25-01-11-1-225x300.jpeg 225w\" sizes=\"auto, (max-width: 720px) 100vw, 720px\" \/><\/figure>\n\n\n\n<p>Mehr lesen <a href=\"https:\/\/www.kreislandfrauen-hannover.de\/wp-content\/uploads\/2025\/03\/Bericht-Planung-ov-25.docx\">hier.<\/a><\/p>\n\n\n\n<p>Mehr Fotos <a href=\"https:\/\/photos.app.goo.gl\/aQexC4D5oZyg7sgK6\">hier.<\/a><\/p>\n\n\n\n<hr class=\"wp-block-separator has-alpha-channel-opacity is-style-wide\"\/>\n\n\n\n<p class=\"has-text-align-center has-medium-font-size\"><strong>08.02.2025 Jahreshauptversammlung mit Vortrag &#8222;Medikament Bewegung&#8220; von Ulrich Kuhnt<\/strong><\/p>\n\n\n\n<p>Am 08.02.2025 fand unsere Jahreshauptversammlung mit einem Vortrag von Ulrich Kuhnt statt.<\/p>\n\n\n\n<figure class=\"wp-block-image size-full\"><img loading=\"lazy\" decoding=\"async\" width=\"720\" height=\"960\" src=\"https:\/\/www.kreislandfrauen-hannover.de\/wp-content\/uploads\/2025\/02\/image-09-02-25-10-47-24.jpeg\" alt=\"\" class=\"wp-image-7624\" srcset=\"https:\/\/www.kreislandfrauen-hannover.de\/wp-content\/uploads\/2025\/02\/image-09-02-25-10-47-24.jpeg 720w, https:\/\/www.kreislandfrauen-hannover.de\/wp-content\/uploads\/2025\/02\/image-09-02-25-10-47-24-225x300.jpeg 225w\" sizes=\"auto, (max-width: 720px) 100vw, 720px\" \/><\/figure>\n\n\n\n<p>weiter lesen <a href=\"https:\/\/www.kreislandfrauen-hannover.de\/wp-content\/uploads\/2025\/02\/Jahreshauptversammlung-10.2.2025-Kurzprotokoll-Internet-1.docx\">hier.<\/a><\/p>\n\n\n\n<p>weitere Bilder<a href=\"https:\/\/photos.app.goo.gl\/p1bC2AaAhM7dQZFZ7\"> hier.<\/a><\/p>\n\n\n\n<hr class=\"wp-block-separator has-alpha-channel-opacity is-style-wide\"\/>\n\n\n\n<p class=\"has-text-align-center has-medium-font-size\"><strong>08.01.2025 Versammlung mit Vortrag &#8222;Omas gegen Rechts&#8220;<\/strong><\/p>\n\n\n\n<p>Am 08.01.2025 fand die erste Versammlung im neuen Jahr mit einem Vortrag der Omas gegen Rechts statt.<\/p>\n\n\n\n<figure class=\"wp-block-image size-large\"><img loading=\"lazy\" decoding=\"async\" width=\"769\" height=\"1024\" src=\"https:\/\/www.kreislandfrauen-hannover.de\/wp-content\/uploads\/2025\/01\/IMG-20250112-WA0000-769x1024.jpg\" alt=\"\" class=\"wp-image-7597\" srcset=\"https:\/\/www.kreislandfrauen-hannover.de\/wp-content\/uploads\/2025\/01\/IMG-20250112-WA0000-769x1024.jpg 769w, https:\/\/www.kreislandfrauen-hannover.de\/wp-content\/uploads\/2025\/01\/IMG-20250112-WA0000-225x300.jpg 225w, https:\/\/www.kreislandfrauen-hannover.de\/wp-content\/uploads\/2025\/01\/IMG-20250112-WA0000-768x1023.jpg 768w, https:\/\/www.kreislandfrauen-hannover.de\/wp-content\/uploads\/2025\/01\/IMG-20250112-WA0000-1153x1536.jpg 1153w, https:\/\/www.kreislandfrauen-hannover.de\/wp-content\/uploads\/2025\/01\/IMG-20250112-WA0000.jpg 1537w\" sizes=\"auto, (max-width: 769px) 100vw, 769px\" \/><\/figure>\n\n\n\n<p>weitere Fotos <a href=\"https:\/\/photos.app.goo.gl\/Nos9WDUoQf6TPXAk9\">hier.<\/a><\/p>\n\n\n\n<p>weiter lesen <a href=\"https:\/\/www.kreislandfrauen-hannover.de\/wp-content\/uploads\/2025\/01\/Kurzprptokoll-LFV-Januar-2025-Omas-gegen-Rechts.docx\">hier.<\/a><\/p>\n\n\n\n<hr class=\"wp-block-separator has-alpha-channel-opacity is-style-wide\"\/>\n\n\n\n<p class=\"has-text-align-center has-medium-font-size\"><strong>07.12.2024 Adventsfeier mit Lesung von Claudia Rimkus<\/strong><\/p>\n\n\n\n<p>Am 07.12.2024 fand unsere Adventsfeier im Sporthotel Fuchsbachtal mit einer kleinen Ausstellung statt. Nach einem gemeinsamen Kaffeetrinken gab es eine Lesung von Claudia Rimkus. <\/p>\n\n\n\n<figure class=\"wp-block-image size-full\"><img loading=\"lazy\" decoding=\"async\" width=\"720\" height=\"960\" src=\"https:\/\/www.kreislandfrauen-hannover.de\/wp-content\/uploads\/2024\/12\/image-07-12-24-05-05-22.jpeg\" alt=\"\" class=\"wp-image-7512\" srcset=\"https:\/\/www.kreislandfrauen-hannover.de\/wp-content\/uploads\/2024\/12\/image-07-12-24-05-05-22.jpeg 720w, https:\/\/www.kreislandfrauen-hannover.de\/wp-content\/uploads\/2024\/12\/image-07-12-24-05-05-22-225x300.jpeg 225w\" sizes=\"auto, (max-width: 720px) 100vw, 720px\" \/><\/figure>\n\n\n\n<p>weitere Fotos <a href=\"https:\/\/photos.app.goo.gl\/96dN6vewuyWxV2at8\">hier.<\/a><\/p>\n\n\n\n<p>weiter lesen <a href=\"https:\/\/www.kreislandfrauen-hannover.de\/wp-content\/uploads\/2024\/12\/Weihnachtsfeier-07122024.docx\">hier.<\/a> <\/p>\n\n\n\n<hr class=\"wp-block-separator has-alpha-channel-opacity is-style-wide\"\/>\n\n\n\n<p class=\"has-text-align-center has-medium-font-size\"><strong>09.11.2024 Fr\u00fchst\u00fcck mit Vortrag \u00fcber Redensarten durch Herrn W\u00e4hler<\/strong><\/p>\n\n\n\n<p>Am 09.11.2024 fand unserer zweite Veranstaltung statt. Neben dem reichhaltigen Fr\u00fchstck gab es einen Vortrag \u00fcber Redensarten von Herrn W\u00e4hler.<\/p>\n\n\n\n<figure class=\"wp-block-image size-full is-resized\"><img loading=\"lazy\" decoding=\"async\" width=\"720\" height=\"960\" src=\"https:\/\/www.kreislandfrauen-hannover.de\/wp-content\/uploads\/2024\/11\/image-09-11-24-11-03-7.jpeg\" alt=\"\" class=\"wp-image-7485\" style=\"width:840px;height:auto\" srcset=\"https:\/\/www.kreislandfrauen-hannover.de\/wp-content\/uploads\/2024\/11\/image-09-11-24-11-03-7.jpeg 720w, https:\/\/www.kreislandfrauen-hannover.de\/wp-content\/uploads\/2024\/11\/image-09-11-24-11-03-7-225x300.jpeg 225w\" sizes=\"auto, (max-width: 720px) 100vw, 720px\" \/><\/figure>\n\n\n\n<p>weitere Fotos <a href=\"https:\/\/photos.app.goo.gl\/7zp4zsALUvScNELJ9\">hier.<\/a><\/p>\n\n\n\n<p>weiter lesen <a href=\"https:\/\/www.kreislandfrauen-hannover.de\/wp-content\/uploads\/2024\/11\/Bericht-vom-9.11.2024.docx\">hier.<\/a><\/p>\n\n\n\n<p class=\"has-text-align-center has-medium-font-size\"><strong>09.10.2024 Multivisionsvortrag Norwegen im Sportheim Wettbergen<\/strong><\/p>\n\n\n\n<p>Am 09.10.2024 fand unsere erste Versammlung statt. Hier gab es einen Multivisionsvortrag \u00fcber Norwegen von Michael Stuka.<\/p>\n\n\n\n<figure class=\"wp-block-image size-full is-resized\"><img loading=\"lazy\" decoding=\"async\" width=\"960\" height=\"720\" src=\"https:\/\/www.kreislandfrauen-hannover.de\/wp-content\/uploads\/2024\/10\/image-09-10-24-09-14-7.jpeg\" alt=\"\" class=\"wp-image-7410\" style=\"width:840px;height:auto\" srcset=\"https:\/\/www.kreislandfrauen-hannover.de\/wp-content\/uploads\/2024\/10\/image-09-10-24-09-14-7.jpeg 960w, https:\/\/www.kreislandfrauen-hannover.de\/wp-content\/uploads\/2024\/10\/image-09-10-24-09-14-7-300x225.jpeg 300w, https:\/\/www.kreislandfrauen-hannover.de\/wp-content\/uploads\/2024\/10\/image-09-10-24-09-14-7-768x576.jpeg 768w\" sizes=\"auto, (max-width: 960px) 100vw, 960px\" \/><\/figure>\n\n\n\n<p>weitere Bilder <a href=\"https:\/\/photos.app.goo.gl\/cVijqH1XFZebmpPm9\">hier.<\/a><\/p>\n\n\n\n<p>weiter lesen <a href=\"https:\/\/www.kreislandfrauen-hannover.de\/wp-content\/uploads\/2024\/10\/Oktoberversammlung-2024.docx\">hier.<\/a><\/p>\n\n\n\n<hr class=\"wp-block-separator alignfull has-alpha-channel-opacity is-style-wide\"\/>\n\n\n\n<p class=\"has-text-align-center has-medium-font-size\"><strong>08.09.2024 Regionserntefest Ditterke<\/strong><\/p>\n\n\n\n<p>Am 08.09.2024 fand das Regionserntefest auf dem Gut in Ditterke statt.<\/p>\n\n\n\n<figure class=\"wp-block-image size-large is-resized\"><img loading=\"lazy\" decoding=\"async\" width=\"1024\" height=\"768\" src=\"https:\/\/www.kreislandfrauen-hannover.de\/wp-content\/uploads\/2024\/10\/IMG_2263-1024x768.jpg\" alt=\"\" class=\"wp-image-7411\" style=\"width:840px;height:auto\" srcset=\"https:\/\/www.kreislandfrauen-hannover.de\/wp-content\/uploads\/2024\/10\/IMG_2263-1024x768.jpg 1024w, https:\/\/www.kreislandfrauen-hannover.de\/wp-content\/uploads\/2024\/10\/IMG_2263-300x225.jpg 300w, https:\/\/www.kreislandfrauen-hannover.de\/wp-content\/uploads\/2024\/10\/IMG_2263-768x576.jpg 768w, https:\/\/www.kreislandfrauen-hannover.de\/wp-content\/uploads\/2024\/10\/IMG_2263-1536x1152.jpg 1536w, https:\/\/www.kreislandfrauen-hannover.de\/wp-content\/uploads\/2024\/10\/IMG_2263-2048x1536.jpg 2048w\" sizes=\"auto, (max-width: 1024px) 100vw, 1024px\" \/><\/figure>\n\n\n\n<p>weitere Fotos <a href=\"https:\/\/photos.app.goo.gl\/iEzpGMh46x8x2EgXA\">hier.<\/a><\/p>\n\n\n\n<p>weiter lesen <a href=\"https:\/\/www.kreislandfrauen-hannover.de\/wp-content\/uploads\/2024\/10\/Erntefest-Ditterke-September-2024.docx\">hier.<\/a><\/p>\n\n\n\n<hr class=\"wp-block-separator has-alpha-channel-opacity\"\/>\n\n\n\n<h2 class=\"wp-block-heading has-text-align-center has-black-color has-text-color has-link-color has-medium-font-size wp-elements-104ae72cbad0305a6d81af20e9f25ba4\">21.04.2024 Besichtigung NDR Funkhaus<\/h2>\n\n\n\n<p>Am 21.06.2024 besuchte ein Teil der Landfrauen das NDR Funkhaus und erfuhr einiges \u00fcber die Geschichte des Rundfunks. <\/p>\n\n\n<div class=\"wp-block-image is-style-default\">\n<figure class=\"aligncenter size-full\"><img loading=\"lazy\" decoding=\"async\" width=\"480\" height=\"360\" src=\"https:\/\/www.kreislandfrauen-hannover.de\/wp-content\/uploads\/2024\/07\/image-21-06-24-07-24-18.jpeg\" alt=\"\" class=\"wp-image-7048\" srcset=\"https:\/\/www.kreislandfrauen-hannover.de\/wp-content\/uploads\/2024\/07\/image-21-06-24-07-24-18.jpeg 480w, https:\/\/www.kreislandfrauen-hannover.de\/wp-content\/uploads\/2024\/07\/image-21-06-24-07-24-18-300x225.jpeg 300w\" sizes=\"auto, (max-width: 480px) 100vw, 480px\" \/><\/figure>\n<\/div>\n\n\n<p>weitere Fotos <a href=\"https:\/\/photos.app.goo.gl\/bpr8NgCNKy934aJi9\">hier.<\/a><\/p>\n\n\n\n<p>weiter lesen <a href=\"https:\/\/www.kreislandfrauen-hannover.de\/wp-content\/uploads\/2024\/07\/G-Besichtigung-NDR.docx\">hier.<\/a><\/p>\n\n\n\n<hr class=\"wp-block-separator has-alpha-channel-opacity is-style-wide\"\/>\n\n\n\n<p class=\"has-text-align-center has-medium-font-size\"><strong>15.05.2024 Berlin-Fahrt zu Caspar David Friedrich<\/strong><\/p>\n\n\n\n<p>Am 15.05.2024 sind einiger von uns zur Tagesfahrt nach Berlin aufgebrochen. Dort besuchten Sie die Ausstellung von Caspar-David Friedrich. <\/p>\n\n\n\n<figure class=\"wp-block-image size-large is-resized is-style-default\"><img loading=\"lazy\" decoding=\"async\" width=\"1010\" height=\"1024\" src=\"https:\/\/www.kreislandfrauen-hannover.de\/wp-content\/uploads\/2024\/05\/1000035417-1010x1024.jpg\" alt=\"\" class=\"wp-image-6986\" style=\"width:840px;height:auto\" srcset=\"https:\/\/www.kreislandfrauen-hannover.de\/wp-content\/uploads\/2024\/05\/1000035417-1010x1024.jpg 1010w, https:\/\/www.kreislandfrauen-hannover.de\/wp-content\/uploads\/2024\/05\/1000035417-296x300.jpg 296w, https:\/\/www.kreislandfrauen-hannover.de\/wp-content\/uploads\/2024\/05\/1000035417-768x779.jpg 768w, https:\/\/www.kreislandfrauen-hannover.de\/wp-content\/uploads\/2024\/05\/1000035417-1515x1536.jpg 1515w, https:\/\/www.kreislandfrauen-hannover.de\/wp-content\/uploads\/2024\/05\/1000035417.jpg 2020w\" sizes=\"auto, (max-width: 1010px) 100vw, 1010px\" \/><\/figure>\n\n\n\n<p>weitere Fotos <a href=\"https:\/\/photos.app.goo.gl\/Ukt62vULe4XZoXhJ9\">hier.<\/a><\/p>\n\n\n\n<p>weiter lesen <a href=\"https:\/\/www.kreislandfrauen-hannover.de\/wp-content\/uploads\/2024\/05\/Caspar-David-Friedrich.docx\" target=\"_blank\" rel=\"noreferrer noopener\">hier.<\/a><\/p>\n\n\n\n<hr class=\"wp-block-separator has-alpha-channel-opacity is-style-wide\"\/>\n\n\n\n<h2 class=\"wp-block-heading has-text-align-center has-black-color has-text-color has-link-color has-medium-font-size wp-elements-d463c138042bf29ccfa14c5db3256d85\">11.04.2024 Versammlung im Sportpark Wettbergen &#8222;Diavortrag Kroatien&#8220;<\/h2>\n\n\n\n<p>Am 11.04.2024 fand unsere Versammlung im Sportpark Wettbergen statt. Hierzu gab es einen Diavortrag vom Ehepaar Eichinger \u00fcber Kroatien.<\/p>\n\n\n\n<figure class=\"wp-block-image size-large is-style-default\"><img loading=\"lazy\" decoding=\"async\" width=\"769\" height=\"1024\" src=\"https:\/\/www.kreislandfrauen-hannover.de\/wp-content\/uploads\/2024\/04\/IMG-20240411-WA0003-769x1024.jpg\" alt=\"\" class=\"wp-image-6870\" srcset=\"https:\/\/www.kreislandfrauen-hannover.de\/wp-content\/uploads\/2024\/04\/IMG-20240411-WA0003-769x1024.jpg 769w, https:\/\/www.kreislandfrauen-hannover.de\/wp-content\/uploads\/2024\/04\/IMG-20240411-WA0003-225x300.jpg 225w, https:\/\/www.kreislandfrauen-hannover.de\/wp-content\/uploads\/2024\/04\/IMG-20240411-WA0003-768x1023.jpg 768w, https:\/\/www.kreislandfrauen-hannover.de\/wp-content\/uploads\/2024\/04\/IMG-20240411-WA0003-1153x1536.jpg 1153w, https:\/\/www.kreislandfrauen-hannover.de\/wp-content\/uploads\/2024\/04\/IMG-20240411-WA0003.jpg 1537w\" sizes=\"auto, (max-width: 769px) 100vw, 769px\" \/><\/figure>\n\n\n\n<p>weitere Fotos <a href=\"https:\/\/photos.app.goo.gl\/wxUrMY7n3FcdC6ZC7\">hier.<\/a><\/p>\n\n\n\n<p>weiter lesen <a href=\"https:\/\/www.kreislandfrauen-hannover.de\/wp-content\/uploads\/2024\/04\/G-Kroatien-Diavortrag-April-2024.docx\" target=\"_blank\" rel=\"noreferrer noopener\">hier.<\/a><\/p>\n\n\n\n<hr class=\"wp-block-separator has-alpha-channel-opacity is-style-wide\"\/>\n\n\n\n<h2 class=\"wp-block-heading has-text-align-center has-black-color has-text-color has-link-color has-medium-font-size wp-elements-57b3be7c91e4c45c342e7edcdb809562\">06.03.2024 Versammlung im DGH Holtensen &#8222;Frauenbande &#8211; was Frauen einander bedeuten&#8220;<\/h2>\n\n\n\n<p>Am 06.03.2024 fand unsere Versammlung im DGH Holtensen stat. Hierzu gab es einen Vortrag von Heidi Krause-Frische zum Thema &#8222;Frauenbande &#8211; was Frauen einander bedeuten&#8220;.<\/p>\n\n\n\n<figure class=\"wp-block-image size-large is-style-default\"><img loading=\"lazy\" decoding=\"async\" width=\"769\" height=\"1024\" src=\"https:\/\/www.kreislandfrauen-hannover.de\/wp-content\/uploads\/2024\/03\/IMG-20240311-WA0002-769x1024.jpg\" alt=\"\" class=\"wp-image-6828\" srcset=\"https:\/\/www.kreislandfrauen-hannover.de\/wp-content\/uploads\/2024\/03\/IMG-20240311-WA0002-769x1024.jpg 769w, https:\/\/www.kreislandfrauen-hannover.de\/wp-content\/uploads\/2024\/03\/IMG-20240311-WA0002-225x300.jpg 225w, https:\/\/www.kreislandfrauen-hannover.de\/wp-content\/uploads\/2024\/03\/IMG-20240311-WA0002-768x1023.jpg 768w, https:\/\/www.kreislandfrauen-hannover.de\/wp-content\/uploads\/2024\/03\/IMG-20240311-WA0002-1153x1536.jpg 1153w, https:\/\/www.kreislandfrauen-hannover.de\/wp-content\/uploads\/2024\/03\/IMG-20240311-WA0002.jpg 1537w\" sizes=\"auto, (max-width: 769px) 100vw, 769px\" \/><\/figure>\n\n\n\n<p> weitere Fotos <a href=\"https:\/\/photos.app.goo.gl\/53eemt4HWhGXHwLc7\">hier.<\/a><\/p>\n\n\n\n<p>weiter lesen <a href=\"https:\/\/www.kreislandfrauen-hannover.de\/wp-content\/uploads\/2024\/03\/G-Maerz-2024-Frauenbande.docx\">hier.<\/a><\/p>\n\n\n\n<hr class=\"wp-block-separator has-alpha-channel-opacity is-style-wide\"\/>\n\n\n\n<h2 class=\"wp-block-heading has-text-align-center has-black-color has-text-color has-link-color has-medium-font-size wp-elements-5af7267858cdc944a096d8dc2264b2cd\">10.02.2024 JHV im DGH Holtensen mit einem Vortrag &#8222;Ma\u00dfnahmen zur Pr\u00e4vention&#8220;<\/h2>\n\n\n\n<p>Am 10.02.2024 fand unsere Jahreshauptversammlung im DGH Holtensen statt. Hierzu gab es einen Vortrag von Kommissarin Katrin Hoffmann zum Thema &#8222;Ma\u00dfnahmen zur Pr\u00e4vention&#8220;.<\/p>\n\n\n\n<figure class=\"wp-block-image size-full is-style-default\"><img loading=\"lazy\" decoding=\"async\" width=\"669\" height=\"960\" src=\"https:\/\/www.kreislandfrauen-hannover.de\/wp-content\/uploads\/2024\/02\/image-11-02-24-03-09-9.jpeg\" alt=\"\" class=\"wp-image-6795\" srcset=\"https:\/\/www.kreislandfrauen-hannover.de\/wp-content\/uploads\/2024\/02\/image-11-02-24-03-09-9.jpeg 669w, https:\/\/www.kreislandfrauen-hannover.de\/wp-content\/uploads\/2024\/02\/image-11-02-24-03-09-9-209x300.jpeg 209w\" sizes=\"auto, (max-width: 669px) 100vw, 669px\" \/><\/figure>\n\n\n\n<p>weitere Fotos<a href=\"https:\/\/photos.app.goo.gl\/But5JoYPmN5tq4xv5\"> hier.<\/a><\/p>\n\n\n\n<p class=\"has-text-align-center has-medium-font-size\"><strong>10.01.2024 Versammlung im DGH Holtensen mit der Konrad-Adenauer-Stiftung<\/strong><\/p>\n\n\n\n<p>Am 10.01.2024 fand unsere erste Versammlung im neuen Jahr statt. Hierz gab es einen Vortrag von der Konrad-Adenauer-Stiftung zum Thema &#8222;Frauen im Iran&#8220;.<\/p>\n\n\n\n<figure class=\"wp-block-image size-large is-style-default\"><img loading=\"lazy\" decoding=\"async\" width=\"1024\" height=\"769\" src=\"https:\/\/www.kreislandfrauen-hannover.de\/wp-content\/uploads\/2024\/01\/IMG-20240117-WA0002-1024x769.jpg\" alt=\"\" class=\"wp-image-6747\" srcset=\"https:\/\/www.kreislandfrauen-hannover.de\/wp-content\/uploads\/2024\/01\/IMG-20240117-WA0002-1024x769.jpg 1024w, https:\/\/www.kreislandfrauen-hannover.de\/wp-content\/uploads\/2024\/01\/IMG-20240117-WA0002-300x225.jpg 300w, https:\/\/www.kreislandfrauen-hannover.de\/wp-content\/uploads\/2024\/01\/IMG-20240117-WA0002-768x576.jpg 768w, https:\/\/www.kreislandfrauen-hannover.de\/wp-content\/uploads\/2024\/01\/IMG-20240117-WA0002-1536x1153.jpg 1536w, https:\/\/www.kreislandfrauen-hannover.de\/wp-content\/uploads\/2024\/01\/IMG-20240117-WA0002.jpg 2048w\" sizes=\"auto, (max-width: 1024px) 100vw, 1024px\" \/><\/figure>\n\n\n\n<p>weitere Fotos <a href=\"https:\/\/photos.app.goo.gl\/RSohaaVJoQtxsq4i8\">hier.<\/a><\/p>\n\n\n\n<p>weiter lesen <a href=\"https:\/\/www.kreislandfrauen-hannover.de\/wp-content\/uploads\/2024\/01\/G-Protokoll-Freiheit-ist-weiblich-Frauen-im-Iran-Janaur-2024.docx\">hier.<\/a><\/p>\n\n\n\n<hr class=\"wp-block-separator has-alpha-channel-opacity is-style-wide\"\/>\n\n\n\n<p class=\"has-text-align-center has-medium-font-size\"><strong>19.12.2023 Spenden\u00fcbergabe an den Fuchsbau<\/strong><\/p>\n\n\n\n<p>Am 19.12.23 haben wir die gesammelten Spenden an den Verein Fuchsbau \u00fcbergeben. Weitere Informationen finden Sie <a href=\"https:\/\/www.kreislandfrauen-hannover.de\/wp-content\/uploads\/2024\/01\/G-Spendenuebergabe-Fuchsbau-Dezember-2023.docx\">hier.<\/a><\/p>\n\n\n\n<figure class=\"wp-block-image size-large is-style-default\"><img loading=\"lazy\" decoding=\"async\" width=\"1024\" height=\"682\" src=\"https:\/\/www.kreislandfrauen-hannover.de\/wp-content\/uploads\/2024\/01\/IMG_6707-1024x682.jpeg\" alt=\"\" class=\"wp-image-6745\" srcset=\"https:\/\/www.kreislandfrauen-hannover.de\/wp-content\/uploads\/2024\/01\/IMG_6707-1024x682.jpeg 1024w, https:\/\/www.kreislandfrauen-hannover.de\/wp-content\/uploads\/2024\/01\/IMG_6707-300x200.jpeg 300w, https:\/\/www.kreislandfrauen-hannover.de\/wp-content\/uploads\/2024\/01\/IMG_6707-768x512.jpeg 768w, https:\/\/www.kreislandfrauen-hannover.de\/wp-content\/uploads\/2024\/01\/IMG_6707.jpeg 1280w\" sizes=\"auto, (max-width: 1024px) 100vw, 1024px\" \/><\/figure>\n\n\n\n<hr class=\"wp-block-separator has-alpha-channel-opacity is-style-wide\"\/>\n\n\n\n<p class=\"has-text-align-center has-medium-font-size\"><strong>24.11.2023 Adventsfeier mit dem Singkreis Landringhausen<\/strong><\/p>\n\n\n\n<p>Am 24.11.23 fand unsere Adventsfeier im Fuchsbachtal Baringhausen mit dem Singkreis Landringhausen statt. <\/p>\n\n\n\n<figure class=\"wp-block-image size-full is-style-default\"><img loading=\"lazy\" decoding=\"async\" width=\"720\" height=\"960\" src=\"https:\/\/www.kreislandfrauen-hannover.de\/wp-content\/uploads\/2023\/11\/image-24-11-23-09-37-16.jpeg\" alt=\"\" class=\"wp-image-6681\" srcset=\"https:\/\/www.kreislandfrauen-hannover.de\/wp-content\/uploads\/2023\/11\/image-24-11-23-09-37-16.jpeg 720w, https:\/\/www.kreislandfrauen-hannover.de\/wp-content\/uploads\/2023\/11\/image-24-11-23-09-37-16-225x300.jpeg 225w\" sizes=\"auto, (max-width: 720px) 100vw, 720px\" \/><\/figure>\n\n\n\n<p>Weitere Fotos <a href=\"https:\/\/photos.app.goo.gl\/jGkdm9fRgBRegx9P8\" target=\"_blank\" rel=\"noreferrer noopener\">hier.<\/a><\/p>\n\n\n\n<p>Weiter lesen <a href=\"https:\/\/www.kreislandfrauen-hannover.de\/wp-content\/uploads\/2023\/11\/G-Protokoll-Internetseite-Adventsversammlung-2023-Fuchsbachtal.docx\">hier. <\/a><\/p>\n\n\n\n<hr class=\"wp-block-separator has-alpha-channel-opacity is-style-wide\"\/>\n\n\n\n<h1 class=\"wp-block-heading has-text-align-center\">11.11.2023 &#8222;Hannover Helau&#8220; <\/h1>\n\n\n\n<p>Am 11.11.23 fand wieder unsere Veranstaltung im DGH Holtensen statt. Es gab eine Krimilesung von Frau Schieble mit dem Thema &#8222;Hannover Helau&#8220;.<\/p>\n\n\n\n<figure class=\"wp-block-image size-full is-style-default\"><img loading=\"lazy\" decoding=\"async\" width=\"960\" height=\"720\" src=\"https:\/\/www.kreislandfrauen-hannover.de\/wp-content\/uploads\/2023\/11\/image-11-11-23-03-19-3.jpeg\" alt=\"\" class=\"wp-image-6655\" srcset=\"https:\/\/www.kreislandfrauen-hannover.de\/wp-content\/uploads\/2023\/11\/image-11-11-23-03-19-3.jpeg 960w, https:\/\/www.kreislandfrauen-hannover.de\/wp-content\/uploads\/2023\/11\/image-11-11-23-03-19-3-300x225.jpeg 300w, https:\/\/www.kreislandfrauen-hannover.de\/wp-content\/uploads\/2023\/11\/image-11-11-23-03-19-3-768x576.jpeg 768w\" sizes=\"auto, (max-width: 960px) 100vw, 960px\" \/><\/figure>\n\n\n\n<p>weitere Fotos<a href=\"https:\/\/photos.app.goo.gl\/LuxxogyX6qaUWkSu8\"> hier.<\/a><\/p>\n\n\n\n<p>weiter lesen <a href=\"https:\/\/www.kreislandfrauen-hannover.de\/wp-content\/uploads\/2023\/11\/G-Bericht-vom-11.11.2023.docx\" target=\"_blank\" rel=\"noreferrer noopener\">hier.<\/a> <\/p>\n\n\n\n<hr class=\"wp-block-separator has-alpha-channel-opacity is-style-wide\"\/>\n\n\n\n<p class=\"has-text-align-center has-medium-font-size\"><strong>12.10.2023 Costa Rica Vortrag<\/strong><\/p>\n\n\n\n<p>Am 12.10.23 fand unsere erste Versammlung nach der Sommerpause statt. Es gab dazu einen Multivisionsvortrag des Ehepaars Schneider. <\/p>\n\n\n\n<figure class=\"wp-block-image size-full is-resized is-style-default\"><img loading=\"lazy\" decoding=\"async\" width=\"960\" height=\"720\" src=\"https:\/\/www.kreislandfrauen-hannover.de\/wp-content\/uploads\/2023\/10\/image-22-10-23-08-58-8.jpeg\" alt=\"\" class=\"wp-image-6607\" style=\"aspect-ratio:1.3333333333333333;width:840px;height:auto\" srcset=\"https:\/\/www.kreislandfrauen-hannover.de\/wp-content\/uploads\/2023\/10\/image-22-10-23-08-58-8.jpeg 960w, https:\/\/www.kreislandfrauen-hannover.de\/wp-content\/uploads\/2023\/10\/image-22-10-23-08-58-8-300x225.jpeg 300w, https:\/\/www.kreislandfrauen-hannover.de\/wp-content\/uploads\/2023\/10\/image-22-10-23-08-58-8-768x576.jpeg 768w\" sizes=\"auto, (max-width: 960px) 100vw, 960px\" \/><\/figure>\n\n\n\n<p>weitere Fotos <a href=\"https:\/\/photos.app.goo.gl\/MqYaYrfT9Vyz4kMC9\">hier.<\/a><\/p>\n\n\n\n<p>weiter lesen <a href=\"https:\/\/www.kreislandfrauen-hannover.de\/wp-content\/uploads\/2023\/10\/G-Costa-Rica-Reisebericht-Oktober-2023.docx\">hier.<\/a><\/p>\n\n\n\n<hr class=\"wp-block-separator has-alpha-channel-opacity is-style-wide\"\/>\n\n\n\n<p class=\"has-text-align-center has-medium-font-size\"><strong>Erntefest in Everloh<\/strong> <strong>01.10.2023<\/strong><\/p>\n\n\n\n<p class=\"has-text-align-left\">Am Erntedanksonntag wurde in Everloh auf dem Hof Reverey das Erntedankfest gefeiert. Auch wir LandFrauen waren mit einem Infostand vertreten. Am Samstag wurde von dem, was die Natur noch an Bl\u00fctenf\u00fclle zu bieten hatte, wundersch\u00f6ne Blumenstr\u00e4u\u00dfe gebunden. Diese wurden dann am Sonntag verkauft. Der Erl\u00f6s geht in vollem Umfang an das Projekt \u201eFuchsbau\u201c in Barsinghausen. Sie bieten ein Angebot zur Trauerarbeit mit Kinder und Jugendlichen.<\/p>\n\n\n\n<figure class=\"wp-block-gallery has-nested-images columns-default is-cropped wp-block-gallery-2 is-layout-flex wp-block-gallery-is-layout-flex\">\n<figure class=\"wp-block-image size-large is-style-default\"><img loading=\"lazy\" decoding=\"async\" width=\"1024\" height=\"768\" data-id=\"6489\" src=\"https:\/\/www.kreislandfrauen-hannover.de\/wp-content\/uploads\/2023\/10\/IMG-20231003-WA0005-1-1024x768.jpg\" alt=\"\" class=\"wp-image-6489\" srcset=\"https:\/\/www.kreislandfrauen-hannover.de\/wp-content\/uploads\/2023\/10\/IMG-20231003-WA0005-1-1024x768.jpg 1024w, https:\/\/www.kreislandfrauen-hannover.de\/wp-content\/uploads\/2023\/10\/IMG-20231003-WA0005-1-300x225.jpg 300w, https:\/\/www.kreislandfrauen-hannover.de\/wp-content\/uploads\/2023\/10\/IMG-20231003-WA0005-1-768x576.jpg 768w, https:\/\/www.kreislandfrauen-hannover.de\/wp-content\/uploads\/2023\/10\/IMG-20231003-WA0005-1-1536x1152.jpg 1536w, https:\/\/www.kreislandfrauen-hannover.de\/wp-content\/uploads\/2023\/10\/IMG-20231003-WA0005-1.jpg 2000w\" sizes=\"auto, (max-width: 1024px) 100vw, 1024px\" \/><\/figure>\n\n\n\n<figure class=\"wp-block-image size-large is-style-default\"><img loading=\"lazy\" decoding=\"async\" width=\"1024\" height=\"768\" data-id=\"6488\" src=\"https:\/\/www.kreislandfrauen-hannover.de\/wp-content\/uploads\/2023\/10\/IMG-20231003-WA0003-1024x768.jpg\" alt=\"\" class=\"wp-image-6488\" srcset=\"https:\/\/www.kreislandfrauen-hannover.de\/wp-content\/uploads\/2023\/10\/IMG-20231003-WA0003-1024x768.jpg 1024w, https:\/\/www.kreislandfrauen-hannover.de\/wp-content\/uploads\/2023\/10\/IMG-20231003-WA0003-300x225.jpg 300w, https:\/\/www.kreislandfrauen-hannover.de\/wp-content\/uploads\/2023\/10\/IMG-20231003-WA0003-768x576.jpg 768w, https:\/\/www.kreislandfrauen-hannover.de\/wp-content\/uploads\/2023\/10\/IMG-20231003-WA0003-1536x1152.jpg 1536w, https:\/\/www.kreislandfrauen-hannover.de\/wp-content\/uploads\/2023\/10\/IMG-20231003-WA0003.jpg 1984w\" sizes=\"auto, (max-width: 1024px) 100vw, 1024px\" \/><\/figure>\n\n\n\n<figure class=\"wp-block-image size-large is-style-default\"><img loading=\"lazy\" decoding=\"async\" width=\"769\" height=\"1024\" data-id=\"6486\" src=\"https:\/\/www.kreislandfrauen-hannover.de\/wp-content\/uploads\/2023\/10\/IMG-20231003-WA0001-769x1024.jpg\" alt=\"\" class=\"wp-image-6486\" srcset=\"https:\/\/www.kreislandfrauen-hannover.de\/wp-content\/uploads\/2023\/10\/IMG-20231003-WA0001-769x1024.jpg 769w, https:\/\/www.kreislandfrauen-hannover.de\/wp-content\/uploads\/2023\/10\/IMG-20231003-WA0001-225x300.jpg 225w, https:\/\/www.kreislandfrauen-hannover.de\/wp-content\/uploads\/2023\/10\/IMG-20231003-WA0001-768x1023.jpg 768w, https:\/\/www.kreislandfrauen-hannover.de\/wp-content\/uploads\/2023\/10\/IMG-20231003-WA0001-1153x1536.jpg 1153w, https:\/\/www.kreislandfrauen-hannover.de\/wp-content\/uploads\/2023\/10\/IMG-20231003-WA0001.jpg 1537w\" sizes=\"auto, (max-width: 769px) 100vw, 769px\" \/><\/figure>\n<\/figure>\n\n\n\n<hr class=\"wp-block-separator has-alpha-channel-opacity is-style-wide\"\/>\n\n\n\n<h2 class=\"wp-block-heading has-text-align-center has-black-color has-text-color\">Ehrenamtsmesse 16.09.2023<\/h2>\n\n\n\n<p>Am 16.09.2023 fand die erste Ehrenamtsmesse in Gehrden statt. Der Stand wurde von Ute Lieke, Petra Paland und Heike Wekel sch\u00f6n dekoriert und Fingerfood aus eigener K\u00fcche wurde gegen Spende angeboten. Nach netten Gespr\u00e4chen und einer zufriedenstellenden Summe in der Spendendose wurde der Nachmittag abgeschlossen. <\/p>\n\n\n\n<figure class=\"wp-block-gallery has-nested-images columns-default is-cropped wp-block-gallery-3 is-layout-flex wp-block-gallery-is-layout-flex\">\n<figure class=\"wp-block-image size-large is-style-default\"><img loading=\"lazy\" decoding=\"async\" width=\"1024\" height=\"768\" data-id=\"6365\" src=\"https:\/\/www.kreislandfrauen-hannover.de\/wp-content\/uploads\/2023\/09\/IMG-20230916-WA0006-1024x768.jpg\" alt=\"\" class=\"wp-image-6365\" srcset=\"https:\/\/www.kreislandfrauen-hannover.de\/wp-content\/uploads\/2023\/09\/IMG-20230916-WA0006-1024x768.jpg 1024w, https:\/\/www.kreislandfrauen-hannover.de\/wp-content\/uploads\/2023\/09\/IMG-20230916-WA0006-300x225.jpg 300w, https:\/\/www.kreislandfrauen-hannover.de\/wp-content\/uploads\/2023\/09\/IMG-20230916-WA0006-768x576.jpg 768w, https:\/\/www.kreislandfrauen-hannover.de\/wp-content\/uploads\/2023\/09\/IMG-20230916-WA0006-1536x1152.jpg 1536w, https:\/\/www.kreislandfrauen-hannover.de\/wp-content\/uploads\/2023\/09\/IMG-20230916-WA0006.jpg 2048w\" sizes=\"auto, (max-width: 1024px) 100vw, 1024px\" \/><\/figure>\n\n\n\n<figure class=\"wp-block-image size-large is-style-default\"><img loading=\"lazy\" decoding=\"async\" width=\"1024\" height=\"768\" data-id=\"6366\" src=\"https:\/\/www.kreislandfrauen-hannover.de\/wp-content\/uploads\/2023\/09\/IMG-20230916-WA0005-1024x768.jpg\" alt=\"\" class=\"wp-image-6366\" srcset=\"https:\/\/www.kreislandfrauen-hannover.de\/wp-content\/uploads\/2023\/09\/IMG-20230916-WA0005-1024x768.jpg 1024w, https:\/\/www.kreislandfrauen-hannover.de\/wp-content\/uploads\/2023\/09\/IMG-20230916-WA0005-300x225.jpg 300w, https:\/\/www.kreislandfrauen-hannover.de\/wp-content\/uploads\/2023\/09\/IMG-20230916-WA0005-768x576.jpg 768w, https:\/\/www.kreislandfrauen-hannover.de\/wp-content\/uploads\/2023\/09\/IMG-20230916-WA0005-1536x1152.jpg 1536w, https:\/\/www.kreislandfrauen-hannover.de\/wp-content\/uploads\/2023\/09\/IMG-20230916-WA0005.jpg 2048w\" sizes=\"auto, (max-width: 1024px) 100vw, 1024px\" \/><\/figure>\n\n\n\n<figure class=\"wp-block-image size-large is-style-default\"><img loading=\"lazy\" decoding=\"async\" width=\"768\" height=\"1024\" data-id=\"6367\" src=\"https:\/\/www.kreislandfrauen-hannover.de\/wp-content\/uploads\/2023\/09\/IMG-20230916-WA0011-768x1024.jpg\" alt=\"\" class=\"wp-image-6367\" srcset=\"https:\/\/www.kreislandfrauen-hannover.de\/wp-content\/uploads\/2023\/09\/IMG-20230916-WA0011-768x1024.jpg 768w, https:\/\/www.kreislandfrauen-hannover.de\/wp-content\/uploads\/2023\/09\/IMG-20230916-WA0011-225x300.jpg 225w, https:\/\/www.kreislandfrauen-hannover.de\/wp-content\/uploads\/2023\/09\/IMG-20230916-WA0011-1152x1536.jpg 1152w, https:\/\/www.kreislandfrauen-hannover.de\/wp-content\/uploads\/2023\/09\/IMG-20230916-WA0011.jpg 1536w\" sizes=\"auto, (max-width: 768px) 100vw, 768px\" \/><\/figure>\n<\/figure>\n\n\n\n<hr class=\"wp-block-separator has-alpha-channel-opacity is-style-wide\"\/>\n\n\n\n<p><\/p>\n\n\n\n<p class=\"has-text-align-center has-black-color has-text-color has-large-font-size\"><strong>Die Wandergruppe besuchte am 16.08.2023 das Maislabyrinth in Northen<\/strong><\/p>\n\n\n<div class=\"wp-block-image is-style-default\">\n<figure class=\"aligncenter size-full is-resized\"><img loading=\"lazy\" decoding=\"async\" width=\"1024\" height=\"768\" src=\"https:\/\/www.kreislandfrauen-hannover.de\/wp-content\/uploads\/2023\/08\/IMG-20230816-WA0006.jpg\" alt=\"\" class=\"wp-image-6177\" style=\"width:376px;height:282px\" srcset=\"https:\/\/www.kreislandfrauen-hannover.de\/wp-content\/uploads\/2023\/08\/IMG-20230816-WA0006.jpg 1024w, https:\/\/www.kreislandfrauen-hannover.de\/wp-content\/uploads\/2023\/08\/IMG-20230816-WA0006-300x225.jpg 300w, https:\/\/www.kreislandfrauen-hannover.de\/wp-content\/uploads\/2023\/08\/IMG-20230816-WA0006-768x576.jpg 768w\" sizes=\"auto, (max-width: 1024px) 100vw, 1024px\" \/><\/figure>\n<\/div>\n\n\n<p class=\"has-medium-font-size\">weitere Fotos <a href=\"https:\/\/photos.app.goo.gl\/7FAh9tsP3zbhEK5z8\">hier<\/a><\/p>\n\n\n\n<p class=\"has-medium-font-size\">weiter lesen <a href=\"https:\/\/www.kreislandfrauen-hannover.de\/wp-content\/uploads\/2023\/08\/Wanderung-im-Maislabyrinth.pdf\">hier.<\/a><\/p>\n\n\n\n<p class=\"has-text-align-center has-black-color has-text-color has-large-font-size\"><strong>Es gr\u00fcnt so gr\u00fcn, wenn Spaniens Bl\u00fcten bl\u00fchen&#8230;.<\/strong><\/p>\n\n\n\n<div class=\"wp-block-group\"><div class=\"wp-block-group__inner-container is-layout-constrained wp-block-group-is-layout-constrained\">\n<div class=\"wp-block-columns is-layout-flex wp-container-core-columns-is-layout-9d6595d7 wp-block-columns-is-layout-flex\">\n<div class=\"wp-block-column is-layout-flow wp-block-column-is-layout-flow\" style=\"flex-basis:100%\"><div class=\"wp-block-image is-style-default\">\n<figure class=\"aligncenter size-large is-resized\"><img loading=\"lazy\" decoding=\"async\" width=\"768\" height=\"1024\" src=\"https:\/\/www.kreislandfrauen-hannover.de\/wp-content\/uploads\/2023\/07\/IMG-20230719-WA0001-768x1024.jpg\" alt=\"\" class=\"wp-image-5942\" style=\"width:257px;height:342px\" srcset=\"https:\/\/www.kreislandfrauen-hannover.de\/wp-content\/uploads\/2023\/07\/IMG-20230719-WA0001-768x1024.jpg 768w, https:\/\/www.kreislandfrauen-hannover.de\/wp-content\/uploads\/2023\/07\/IMG-20230719-WA0001-225x300.jpg 225w, https:\/\/www.kreislandfrauen-hannover.de\/wp-content\/uploads\/2023\/07\/IMG-20230719-WA0001.jpg 960w\" sizes=\"auto, (max-width: 768px) 100vw, 768px\" \/><\/figure>\n<\/div><\/div>\n<\/div>\n<\/div><\/div>\n\n\n\n<p class=\"has-medium-font-size\">Bei herrlichstem Wetter besuchten die LandFrauen die Deister-Freilicht-B\u00fchne in Barsinghausen. Auf dem Programm stand &#8222;My Fair Lady&#8220;.<\/p>\n\n\n\n<p class=\"has-medium-font-size\">Mit wunderbarem Gesang und hervorragendem Spiel wurde in die Welt von Eliza Doolittle, Professor Higgins und Oberst Pickering entf\u00fchrt. Die Umgebung, die Waldb\u00fchne mit passendem B\u00fchnenbild, die wunderbaren Kost\u00fcme &#8211; all dieses sorgte f\u00fcr einen wunderbaren Theaterabend.<\/p>\n\n\n<div class=\"wp-block-image is-style-default\">\n<figure class=\"aligncenter size-large is-resized\"><img loading=\"lazy\" decoding=\"async\" width=\"1024\" height=\"768\" src=\"https:\/\/www.kreislandfrauen-hannover.de\/wp-content\/uploads\/2023\/07\/Collage_20230720_122225-1024x768.jpg\" alt=\"\" class=\"wp-image-5949\" style=\"width:501px;height:376px\" srcset=\"https:\/\/www.kreislandfrauen-hannover.de\/wp-content\/uploads\/2023\/07\/Collage_20230720_122225-1024x768.jpg 1024w, https:\/\/www.kreislandfrauen-hannover.de\/wp-content\/uploads\/2023\/07\/Collage_20230720_122225-300x225.jpg 300w, https:\/\/www.kreislandfrauen-hannover.de\/wp-content\/uploads\/2023\/07\/Collage_20230720_122225-768x576.jpg 768w, https:\/\/www.kreislandfrauen-hannover.de\/wp-content\/uploads\/2023\/07\/Collage_20230720_122225-1536x1152.jpg 1536w, https:\/\/www.kreislandfrauen-hannover.de\/wp-content\/uploads\/2023\/07\/Collage_20230720_122225-2048x1536.jpg 2048w\" sizes=\"auto, (max-width: 1024px) 100vw, 1024px\" \/><\/figure>\n<\/div>\n\n\n<hr class=\"wp-block-separator has-alpha-channel-opacity is-style-wide\"\/>\n\n\n\n<p class=\"has-text-align-center has-black-color has-text-color has-large-font-size\"><strong>Faszination Gardasee mit Verona &amp; Co. ,  31 LandFrauen durften die Sch\u00f6nheiten Italiens bewundern und erleben. <\/strong><\/p>\n\n\n\n<hr class=\"wp-block-separator has-alpha-channel-opacity is-style-wide\"\/>\n\n\n<div class=\"wp-block-image is-style-default\">\n<figure class=\"aligncenter size-full is-resized\"><img loading=\"lazy\" decoding=\"async\" width=\"768\" height=\"1024\" src=\"https:\/\/www.kreislandfrauen-hannover.de\/wp-content\/uploads\/2023\/06\/IMG-20230609-WA0014.jpg\" alt=\"\" class=\"wp-image-5904\" style=\"width:358px;height:478px\" srcset=\"https:\/\/www.kreislandfrauen-hannover.de\/wp-content\/uploads\/2023\/06\/IMG-20230609-WA0014.jpg 768w, https:\/\/www.kreislandfrauen-hannover.de\/wp-content\/uploads\/2023\/06\/IMG-20230609-WA0014-225x300.jpg 225w\" sizes=\"auto, (max-width: 768px) 100vw, 768px\" \/><\/figure>\n<\/div>\n\n\n<p class=\"has-medium-font-size\">weiter lesen <strong><a href=\"https:\/\/www.kreislandfrauen-hannover.de\/wp-content\/uploads\/2023\/06\/G-2023-Gardasee.pdf\">hier<\/a><\/strong>.<\/p>\n\n\n\n<p class=\"has-medium-font-size\">weitere Bilder <strong><a href=\"https:\/\/photos.google.com\/share\/AF1QipOsCZDme3NERBipep2uRYXpTTKLZA-lyUtfEQkvvikIdCL8DBAGxfpCJsrOVSejuw?key=WUN5WGYtbEtWUnY1cVBsdklKRWpDX29jZThBVDlB\">hier.<\/a><\/strong><\/p>\n\n\n\n<hr class=\"wp-block-separator has-alpha-channel-opacity is-style-wide\"\/>\n\n\n\n<p class=\"has-text-align-center has-black-color has-text-color has-large-font-size\"><strong>An zwei verschiedenen Tagen ging es im Mai mit dem Reisebus nach L\u00fcneburg<\/strong><\/p>\n\n\n<div class=\"wp-block-image is-style-default\">\n<figure class=\"aligncenter size-large is-resized\"><img decoding=\"async\" src=\"https:\/\/www.kreislandfrauen-hannover.de\/wp-content\/uploads\/2023\/05\/G-2023Lueneburg.jpg\" alt=\"\" style=\"width:317px;height:423px\"\/><figcaption class=\"wp-element-caption\"><strong>Drehort der Telenovela &#8222;Rote Rosen&#8220;<\/strong><\/figcaption><\/figure>\n<\/div>\n\n\n<p class=\"has-medium-font-size\">weiter lesen<a href=\"https:\/\/www.kreislandfrauen-hannover.de\/wp-content\/uploads\/2023\/05\/G-2023Lueneburg.pdf\"><strong> hier.<\/strong><\/a><\/p>\n\n\n\n<p class=\"has-medium-font-size\">weitere Bilder<a href=\"https:\/\/photos.google.com\/share\/AF1QipOeSXW9KLaoDzAqW4U152NS3fhq-Cvy8igCZkfvXJI4J2IzUJW77vsmvA7jCuuHwQ?key=T0hHSENzenpuR1JNU2tLaEh6b2pja0NUN1dVVEZB\"> <strong>hier.<\/strong><\/a><\/p>\n\n\n\n<hr class=\"wp-block-separator has-alpha-channel-opacity is-style-wide\"\/>\n\n\n\n<p class=\"has-text-align-center has-black-color has-text-color has-medium-font-size\"><strong>Nach dem Motto &#8222;Alles ist anders&#8220; und &#8222;\u00c4nderungen vorbehalten&#8220; fand die letzte Versammlung des Jahresprogramm 2022\/2023 am 12.April 2023 um 18.30 Uhr im Restaurant M\u00f6llerburg in Degersen statt. Es besuchten uns Frau  Christel Hoppe und Herr Ingo Ristow mit einer Multivisionsshow \u00fcber S\u00fcdfrankreich .<\/strong><\/p>\n\n\n<div class=\"wp-block-image is-style-default\">\n<figure class=\"aligncenter size-large is-resized\"><img loading=\"lazy\" decoding=\"async\" width=\"888\" height=\"1024\" src=\"https:\/\/www.kreislandfrauen-hannover.de\/wp-content\/uploads\/2023\/04\/G-2023April-1-888x1024.jpg\" alt=\"\" class=\"wp-image-5769\" style=\"width:324px;height:373px\" srcset=\"https:\/\/www.kreislandfrauen-hannover.de\/wp-content\/uploads\/2023\/04\/G-2023April-1-888x1024.jpg 888w, https:\/\/www.kreislandfrauen-hannover.de\/wp-content\/uploads\/2023\/04\/G-2023April-1-260x300.jpg 260w, https:\/\/www.kreislandfrauen-hannover.de\/wp-content\/uploads\/2023\/04\/G-2023April-1-768x886.jpg 768w, https:\/\/www.kreislandfrauen-hannover.de\/wp-content\/uploads\/2023\/04\/G-2023April-1-1332x1536.jpg 1332w, https:\/\/www.kreislandfrauen-hannover.de\/wp-content\/uploads\/2023\/04\/G-2023April-1-1776x2048.jpg 1776w\" sizes=\"auto, (max-width: 888px) 100vw, 888px\" \/><\/figure>\n<\/div>\n\n\n<p class=\"has-medium-font-size\">Weiter lesen<a href=\"https:\/\/www.kreislandfrauen-hannover.de\/wp-content\/uploads\/2023\/04\/G-2023April.pdf\"> <strong>hier.<\/strong><\/a><\/p>\n\n\n\n<p class=\"has-medium-font-size\">weitere Fotos <a href=\"https:\/\/photos.google.com\/share\/AF1QipOcaAQ35PKd0ObWh2OY2jRJkYuxdGKLb3e5Da_PRzinuYrV9GlwELpOkNhuRnDpnQ?key=ZFFwanlkMDZoX3g1NVc2Y0FSV0ROYjhHN2VaVTVB\">h<strong>ier.<\/strong><\/a><\/p>\n\n\n\n<hr class=\"wp-block-separator has-alpha-channel-opacity is-style-wide\"\/>\n\n\n\n<p class=\"has-text-align-center has-black-color has-text-color has-large-font-size\"><strong>Am 22.03.23 haben wir eine F\u00fchrung im Opernhaus Hannover unternommen.<\/strong><\/p>\n\n\n<div class=\"wp-block-image is-style-default\">\n<figure class=\"aligncenter size-large is-resized\"><img decoding=\"async\" src=\"https:\/\/www.kreislandfrauen-hannover.de\/wp-content\/uploads\/2023\/03\/G-2023Opernhaus.jpg\" alt=\"\" style=\"width:309px;height:478px\"\/><\/figure>\n<\/div>\n\n\n<p class=\"has-medium-font-size\">Herr Ziesenis hat uns mit interessanten Berichten \u00fcber das Opernhaus durch den Kost\u00fcmfundus, die Garderobe der K\u00fcnstler, \u00fcber die B\u00fchne und durch die Werkst\u00e4tten gef\u00fchrt. Unsere n\u00e4chste Vorstellung im Opernhaus werden wir sicher mit &#8222;anderen Augen&#8220; erleben. Eine sehr gelungene Veranstaltung.<\/p>\n\n\n\n<p class=\"has-medium-font-size\">weitere Bilder <a href=\"https:\/\/photos.google.com\/share\/AF1QipN-PWxTO8cO2ekpj0dE_S7JJPeftclveOto6eR1VWc9Svr_I6eWnaLRNKprg-Y8GQ?key=TVk0WWl6WUVZd21SR0d1LUU3b3dEZE8xeDhfXzd3\"><strong>hier.<\/strong><\/a><\/p>\n\n\n\n<hr class=\"wp-block-separator has-alpha-channel-opacity is-style-wide\"\/>\n\n\n\n<p><\/p>\n\n\n\n<p class=\"has-black-color has-text-color has-medium-font-size\"><strong>Am Mittwoch, 08.03.2023, dem Weltfrauentag wurden alle Mitglieder mit einer Nascherei \u00fcberrascht, dazu gab es leckerem Kaffee und Kuchen. Ein Vortrag \u00fcber gesunde Ern\u00e4hrung bei Arthrose von Frau Sturm rundete den Nachmittag ab. <\/strong><\/p>\n\n\n<div class=\"wp-block-image is-style-default\">\n<figure class=\"aligncenter size-large is-resized\"><img loading=\"lazy\" decoding=\"async\" width=\"769\" height=\"1024\" src=\"https:\/\/www.kreislandfrauen-hannover.de\/wp-content\/uploads\/2023\/03\/G-2023Sturm-769x1024.jpg\" alt=\"\" class=\"wp-image-5645\" style=\"width:305px;height:406px\" srcset=\"https:\/\/www.kreislandfrauen-hannover.de\/wp-content\/uploads\/2023\/03\/G-2023Sturm-769x1024.jpg 769w, https:\/\/www.kreislandfrauen-hannover.de\/wp-content\/uploads\/2023\/03\/G-2023Sturm-225x300.jpg 225w, https:\/\/www.kreislandfrauen-hannover.de\/wp-content\/uploads\/2023\/03\/G-2023Sturm-768x1023.jpg 768w, https:\/\/www.kreislandfrauen-hannover.de\/wp-content\/uploads\/2023\/03\/G-2023Sturm-1153x1536.jpg 1153w, https:\/\/www.kreislandfrauen-hannover.de\/wp-content\/uploads\/2023\/03\/G-2023Sturm.jpg 1537w\" sizes=\"auto, (max-width: 769px) 100vw, 769px\" \/><figcaption class=\"wp-element-caption\">Frau Tina Sturm<\/figcaption><\/figure>\n<\/div>\n\n\n<p class=\"has-medium-font-size\">weiter lesen <a href=\"https:\/\/www.kreislandfrauen-hannover.de\/wp-content\/uploads\/2023\/03\/G-2023Maerz.pdf\">hier.<\/a><\/p>\n\n\n\n<p class=\"has-medium-font-size\">weitere Bilder <a href=\"https:\/\/photos.google.com\/share\/AF1QipPC1YOBSAi_x03YCx89aXiTz8JXkioZtzFetr6vuWF6LbJk6kUqZIDpUsR9tqb8yw?key=RmJrZWhhZ1JhU21hYzl1S2dFT1lVRS1RTURnalVB\">hier.<\/a><\/p>\n\n\n\n<hr class=\"wp-block-separator has-alpha-channel-opacity is-style-wide\"\/>\n\n\n\n<p class=\"has-text-align-center has-black-color has-text-color has-medium-font-size\"><strong>Am Samstag 11.02.2023 fand wieder unser beliebtes Fr\u00fchst\u00fcck mit Versammlung im Dorfgemeinschaftshaus Holtensen statt.<\/strong><\/p>\n\n\n<div class=\"wp-block-image is-style-default\">\n<figure class=\"aligncenter size-large is-resized\"><img decoding=\"async\" src=\"https:\/\/www.kreislandfrauen-hannover.de\/wp-content\/uploads\/2023\/02\/G-2023Scheerle.jpg\" alt=\"\" style=\"width:418px;height:334px\"\/><figcaption class=\"wp-element-caption\">Referent Dirk Scheerle<\/figcaption><\/figure>\n<\/div>\n\n\n<p class=\"has-medium-font-size\">weiter lesen <a href=\"https:\/\/www.kreislandfrauen-hannover.de\/wp-content\/uploads\/2023\/02\/G-2023Februar.pdf\"><strong>hier.<\/strong><\/a><\/p>\n\n\n\n<p class=\"has-medium-font-size\">weitere Fotos<a href=\"https:\/\/photos.google.com\/share\/AF1QipP3uiGkaE21QI5tiBTpyWQIU1ndGQFkBA5zur5Eu3J-v70TNDmwdjKS4UIYtmf4aQ?key=Qnh2LTA5WGJJNFVOZFpfQjdGanRyUDVka1pUOGtB\"> <strong>hier.<\/strong><\/a><\/p>\n\n\n\n<hr class=\"wp-block-separator has-alpha-channel-opacity is-style-wide\"\/>\n\n\n\n<p class=\"has-text-align-center has-black-color has-text-color has-medium-font-size\">Am 18.01.2023 fand die Mitgliederversamlung um 15.00 Uhr im Sportpark Restaurant Empelde statt. Die Versammlung war mit der Wahl von 10 Vorstandsmitgliedern und der Verabschiedung von den beiden Vorsitzenden Petra Grefe und Ulrike Wissel-Baumgarte, der Kassiererin Herma Heims und der Schriftf\u00fchrerin Brigitte Zieseni\u00df  und dem &#8222;Bingo-Spiel&#8220; ein aufregender Nachmittag.<\/p>\n\n\n\n<p class=\"has-text-align-center has-black-color has-text-color\"><\/p>\n\n\n<div class=\"wp-block-image is-style-rounded\">\n<figure class=\"aligncenter size-large is-resized\"><img decoding=\"async\" src=\"https:\/\/www.kreislandfrauen-hannover.de\/wp-content\/uploads\/2023\/01\/G-2023Januar-scaled.jpg\" alt=\"\" style=\"width:419px;height:558px\"\/><figcaption class=\"wp-element-caption\"><em><strong>Ehrung der beiden Vorsitzenden Ulrike-Wissel-Baumgarte und Petra Grefe durch die Bezirksvertreterin Elke Meyer vom Nieders\u00e4chsischem LandFrauenverband mit der Silbernen Biene mit Niedersachsenwappen<\/strong><\/em><\/figcaption><\/figure>\n<\/div>\n\n\n<p class=\"has-medium-font-size\">Weiter lesen<a href=\"https:\/\/www.kreislandfrauen-hannover.de\/wp-content\/uploads\/2023\/01\/G-2023Januar.pdf\"><strong> hier.<\/strong><\/a><\/p>\n\n\n\n<p class=\"has-medium-font-size\">Weitere Fotos<strong> <a href=\"https:\/\/photos.app.goo.gl\/3HSPPQPHcAy3UUyW6\">hier.<\/a><\/strong><\/p>\n\n\n\n<hr class=\"wp-block-separator has-alpha-channel-opacity is-style-wide\"\/>\n\n\n\n<p class=\"has-text-align-center has-black-color has-text-color has-large-font-size\"><strong>Am Freitag, 02.12.22 konnten wir endlich unsere beliebte Adventsversammlung im weihnachtlichem Rahmen erleben.<\/strong><\/p>\n\n\n<div class=\"wp-block-image is-style-default\">\n<figure class=\"aligncenter size-large is-resized\"><img loading=\"lazy\" decoding=\"async\" width=\"768\" height=\"1024\" src=\"https:\/\/www.kreislandfrauen-hannover.de\/wp-content\/uploads\/2022\/12\/G-2022Suchland-1-768x1024.jpg\" alt=\"\" class=\"wp-image-5310\" style=\"width:365px;height:487px\" srcset=\"https:\/\/www.kreislandfrauen-hannover.de\/wp-content\/uploads\/2022\/12\/G-2022Suchland-1-768x1024.jpg 768w, https:\/\/www.kreislandfrauen-hannover.de\/wp-content\/uploads\/2022\/12\/G-2022Suchland-1-225x300.jpg 225w, https:\/\/www.kreislandfrauen-hannover.de\/wp-content\/uploads\/2022\/12\/G-2022Suchland-1-1152x1536.jpg 1152w, https:\/\/www.kreislandfrauen-hannover.de\/wp-content\/uploads\/2022\/12\/G-2022Suchland-1-1536x2048.jpg 1536w, https:\/\/www.kreislandfrauen-hannover.de\/wp-content\/uploads\/2022\/12\/G-2022Suchland-1-scaled.jpg 1920w\" sizes=\"auto, (max-width: 768px) 100vw, 768px\" \/><\/figure>\n<\/div>\n\n\n<p class=\"has-text-align-center has-medium-font-size\">Herr Frank Suchland besuchte uns mit seiner Lesung &#8222;Stille Nacht&#8220;<\/p>\n\n\n\n<p class=\"has-medium-font-size\">weiter lesen <a href=\"https:\/\/www.kreislandfrauen-hannover.de\/wp-content\/uploads\/2022\/12\/G-2022Suchland.pdf\"><strong>hier.<\/strong><\/a><\/p>\n\n\n\n<p class=\"has-medium-font-size\">weitere Fotos<strong> <a href=\"https:\/\/photos.google.com\/share\/AF1QipOS3WXLE7XgWiY42sePUps4arjfbV0koH90tDy9MKHgV9esg_Jf2bnzRqYYM-hOFA?key=Zmw0dHlLRlJJZlYwMURoZm1qMzc5V2pOZWhmTWh3\">hier<\/a><\/strong><a href=\"https:\/\/photos.google.com\/share\/AF1QipOS3WXLE7XgWiY42sePUps4arjfbV0koH90tDy9MKHgV9esg_Jf2bnzRqYYM-hOFA?key=Zmw0dHlLRlJJZlYwMURoZm1qMzc5V2pOZWhmTWh3\">.<\/a><\/p>\n\n\n\n<hr class=\"wp-block-separator has-css-opacity is-style-wide\"\/>\n\n\n\n<p class=\"has-text-align-center has-black-color has-text-color has-medium-font-size\">Am 25.11.22 unter dem Motto &#8222;Auf zum Weihnachtsmarkt Gut Basthorst &#8211; Romantik pur- traditionell und Stimmungsvoll&#8220; ging die Tagesfahrt Richtung Schlewig-Holstein.<\/p>\n\n\n\n<p class=\"has-text-align-center has-black-color has-text-color has-medium-font-size\">weiter lesen <a href=\"https:\/\/www.kreislandfrauen-hannover.de\/wp-content\/uploads\/2022\/11\/G-2022Basthorst.pdf\"><strong>hier<\/strong>.<\/a><\/p>\n\n\n\n<div class=\"wp-block-columns is-layout-flex wp-container-core-columns-is-layout-9d6595d7 wp-block-columns-is-layout-flex\">\n<div class=\"wp-block-column is-layout-flow wp-block-column-is-layout-flow\" style=\"flex-basis:100%\">\n<div class=\"wp-block-group\"><div class=\"wp-block-group__inner-container is-layout-constrained wp-block-group-is-layout-constrained\">\n<div class=\"wp-block-columns is-layout-flex wp-container-core-columns-is-layout-9d6595d7 wp-block-columns-is-layout-flex\">\n<div class=\"wp-block-column is-layout-flow wp-block-column-is-layout-flow\" style=\"flex-basis:100%\"><div class=\"wp-block-image is-style-default\">\n<figure class=\"aligncenter size-large is-resized\"><img loading=\"lazy\" decoding=\"async\" width=\"769\" height=\"1024\" src=\"https:\/\/www.kreislandfrauen-hannover.de\/wp-content\/uploads\/2022\/11\/image-769x1024.jpeg\" alt=\"\" class=\"wp-image-5278\" style=\"width:352px;height:468px\" srcset=\"https:\/\/www.kreislandfrauen-hannover.de\/wp-content\/uploads\/2022\/11\/image-769x1024.jpeg 769w, https:\/\/www.kreislandfrauen-hannover.de\/wp-content\/uploads\/2022\/11\/image-225x300.jpeg 225w, https:\/\/www.kreislandfrauen-hannover.de\/wp-content\/uploads\/2022\/11\/image-768x1023.jpeg 768w, https:\/\/www.kreislandfrauen-hannover.de\/wp-content\/uploads\/2022\/11\/image-1153x1536.jpeg 1153w, https:\/\/www.kreislandfrauen-hannover.de\/wp-content\/uploads\/2022\/11\/image.jpeg 1537w\" sizes=\"auto, (max-width: 769px) 100vw, 769px\" \/><\/figure>\n<\/div><\/div>\n<\/div>\n<\/div><\/div>\n<\/div>\n<\/div>\n\n\n\n<p class=\"has-medium-font-size\"><strong>weitere Bilder<a href=\"https:\/\/photos.app.goo.gl\/CdEmgvGwwhfCH4RR6\"> hier.<\/a><\/strong><\/p>\n\n\n\n<hr class=\"wp-block-separator has-alpha-channel-opacity is-style-wide\"\/>\n\n\n\n<p class=\"has-black-color has-text-color has-large-font-size\"><strong>Am 12.November 2022 fand wieder die beliebte Versammlung mit Fr\u00fchst\u00fcck im DGH Holtensen statt.<\/strong><\/p>\n\n\n<div class=\"wp-block-image is-style-default\">\n<figure class=\"aligncenter size-full is-resized\"><img loading=\"lazy\" decoding=\"async\" width=\"694\" height=\"694\" src=\"https:\/\/www.kreislandfrauen-hannover.de\/wp-content\/uploads\/2022\/11\/G-2022Gehrmann.jpg\" alt=\"\" class=\"wp-image-5219\" style=\"width:402px;height:402px\" srcset=\"https:\/\/www.kreislandfrauen-hannover.de\/wp-content\/uploads\/2022\/11\/G-2022Gehrmann.jpg 694w, https:\/\/www.kreislandfrauen-hannover.de\/wp-content\/uploads\/2022\/11\/G-2022Gehrmann-300x300.jpg 300w, https:\/\/www.kreislandfrauen-hannover.de\/wp-content\/uploads\/2022\/11\/G-2022Gehrmann-150x150.jpg 150w, https:\/\/www.kreislandfrauen-hannover.de\/wp-content\/uploads\/2022\/11\/G-2022Gehrmann-600x600.jpg 600w\" sizes=\"auto, (max-width: 694px) 100vw, 694px\" \/><figcaption class=\"wp-element-caption\"><strong>Frau Gehrmann kam mit dem Vortrag: &#8222;Dem Kopf Beine machen! Gehirnjogging&#8220;<\/strong><\/figcaption><\/figure>\n<\/div>\n\n\n<p class=\"has-medium-font-size\"><strong>weiter lesen <a href=\"https:\/\/www.kreislandfrauen-hannover.de\/wp-content\/uploads\/2022\/11\/G-2022Gehrmann.pdf\">hier.<\/a><\/strong><\/p>\n\n\n\n<p class=\"has-medium-font-size\"><strong>weitere Bilder<a href=\"https:\/\/photos.app.goo.gl\/E32qNKw3327LUhB49\"> hier<\/a><\/strong><\/p>\n\n\n\n<hr class=\"wp-block-separator has-alpha-channel-opacity is-style-wide\"\/>\n\n\n\n<p class=\"has-text-align-center has-black-color has-text-color has-medium-font-size\">Nach der Sommerpause war es wieder soweit: Die erste Versammlung am 12. Oktober 2022 war ein voller Erfolg. Herr Pantke besuchte uns, und nahm alle auf die Reise mit.<\/p>\n\n\n\n<p class=\"has-text-align-center has-black-color has-text-color has-medium-font-size\">&#8222;Eine Fahrradreise von Cornwall nach Schottland mit dem Fahrrad&#8220;<\/p>\n\n\n<div class=\"wp-block-image is-style-default\">\n<figure class=\"aligncenter size-large is-resized\"><img loading=\"lazy\" decoding=\"async\" width=\"768\" height=\"1024\" src=\"https:\/\/www.kreislandfrauen-hannover.de\/wp-content\/uploads\/2022\/10\/G-2022Pantke-768x1024.jpg\" alt=\"\" class=\"wp-image-5136\" style=\"width:303px;height:404px\" srcset=\"https:\/\/www.kreislandfrauen-hannover.de\/wp-content\/uploads\/2022\/10\/G-2022Pantke-768x1024.jpg 768w, https:\/\/www.kreislandfrauen-hannover.de\/wp-content\/uploads\/2022\/10\/G-2022Pantke-225x300.jpg 225w, https:\/\/www.kreislandfrauen-hannover.de\/wp-content\/uploads\/2022\/10\/G-2022Pantke-1152x1536.jpg 1152w, https:\/\/www.kreislandfrauen-hannover.de\/wp-content\/uploads\/2022\/10\/G-2022Pantke-1536x2048.jpg 1536w, https:\/\/www.kreislandfrauen-hannover.de\/wp-content\/uploads\/2022\/10\/G-2022Pantke-scaled.jpg 1920w\" sizes=\"auto, (max-width: 768px) 100vw, 768px\" \/><\/figure>\n<\/div>\n\n\n<p class=\"has-medium-font-size\"><strong>weiter lesen<a href=\"https:\/\/www.kreislandfrauen-hannover.de\/wp-content\/uploads\/2022\/10\/G-2022Pantke.pdf\"> hier<\/a><\/strong><a href=\"https:\/\/www.kreislandfrauen-hannover.de\/wp-content\/uploads\/2022\/10\/G-2022Pantke.pdf\">.<\/a><\/p>\n\n\n\n<p class=\"has-medium-font-size\"><strong>weitere Fotos<a href=\"https:\/\/photos.app.goo.gl\/Ep3SDYyscTJhGxBG6\"> hier<\/a><\/strong><a href=\"https:\/\/photos.app.goo.gl\/Ep3SDYyscTJhGxBG6\">.<\/a><\/p>\n\n\n\n<hr class=\"wp-block-separator has-alpha-channel-opacity is-style-wide\"\/>\n\n\n\n<p class=\"has-text-align-center has-vivid-cyan-blue-color has-text-color has-large-font-size\"><\/p>\n\n\n\n<hr class=\"wp-block-separator has-css-opacity is-style-wide\"\/>\n\n\n\n<p><\/p>\n","protected":false},"excerpt":{"rendered":"<p>Dies und Das 15.04.2026 Versammlung mit Lesung im Sportpark Wettbergen Am 15.04.2026 fand unsere letzte Veranstaltung vor der Sommerpause im Sportpark Wettbergen mit einer Lesung von Maike D\u00f6bbeling statt. weiter lesen hier. weitere Fotos hier. Handarbeiten Untenstehend ein paar Impressionen von unser Handarbeiten-Gruppe. weiter lesen hier. weitere Fotos hier. 14.03.2026 Besuch der Kaffeemanufaktur Am 14.03.2026 [&hellip;]<\/p>\n","protected":false},"author":1,"featured_media":0,"parent":0,"menu_order":0,"comment_status":"closed","ping_status":"closed","template":"","meta":{"advgb_blocks_editor_width":"default","advgb_blocks_columns_visual_guide":"","footnotes":""},"class_list":["post-58","page","type-page","status-publish","hentry","entry"],"coauthors":[],"author_meta":{"author_link":"https:\/\/www.kreislandfrauen-hannover.de\/?author=1","display_name":"admin"},"relative_dates":{"created":"Ver\u00f6ffentlicht 7\u00a0Jahren vor","modified":"Aktualisiert 2\u00a0Wochen vor"},"absolute_dates":{"created":"Ver\u00f6ffentlicht am 26. September 2019","modified":"Aktualisiert am 16. April 2026"},"absolute_dates_time":{"created":"Ver\u00f6ffentlicht am 26. September 2019 9:20 a.m.","modified":"Aktualisiert am 16. April 2026 1:17 p.m."},"featured_img_caption":"","featured_img":false,"series_order":"","_links":{"self":[{"href":"https:\/\/www.kreislandfrauen-hannover.de\/index.php?rest_route=\/wp\/v2\/pages\/58","targetHints":{"allow":["GET"]}}],"collection":[{"href":"https:\/\/www.kreislandfrauen-hannover.de\/index.php?rest_route=\/wp\/v2\/pages"}],"about":[{"href":"https:\/\/www.kreislandfrauen-hannover.de\/index.php?rest_route=\/wp\/v2\/types\/page"}],"author":[{"embeddable":true,"href":"https:\/\/www.kreislandfrauen-hannover.de\/index.php?rest_route=\/wp\/v2\/users\/1"}],"replies":[{"embeddable":true,"href":"https:\/\/www.kreislandfrauen-hannover.de\/index.php?rest_route=%2Fwp%2Fv2%2Fcomments&post=58"}],"version-history":[{"count":346,"href":"https:\/\/www.kreislandfrauen-hannover.de\/index.php?rest_route=\/wp\/v2\/pages\/58\/revisions"}],"predecessor-version":[{"id":8483,"href":"https:\/\/www.kreislandfrauen-hannover.de\/index.php?rest_route=\/wp\/v2\/pages\/58\/revisions\/8483"}],"wp:attachment":[{"href":"https:\/\/www.kreislandfrauen-hannover.de\/index.php?rest_route=%2Fwp%2Fv2%2Fmedia&parent=58"}],"curies":[{"name":"wp","href":"https:\/\/api.w.org\/{rel}","templated":true}]}}