{"id":36,"date":"2019-09-26T09:17:44","date_gmt":"2019-09-26T09:17:44","guid":{"rendered":"https:\/\/tecwin.de\/cms-wp\/?page_id=36"},"modified":"2026-08-04T21:21:02","modified_gmt":"2026-08-04T19:21:02","slug":"barsinghausen-veranstaltungen","status":"publish","type":"page","link":"https:\/\/www.kreislandfrauen-hannover.de\/?page_id=36","title":{"rendered":"Barsinghausen Veranstaltungen"},"content":{"rendered":"\n<figure class=\"wp-block-image\"><img loading=\"lazy\" decoding=\"async\" width=\"498\" height=\"102\" src=\"https:\/\/www.kreislandfrauen-hannover.de\/wp-content\/uploads\/2019\/09\/b-logo.png\" alt=\"\" class=\"wp-image-538\" srcset=\"https:\/\/www.kreislandfrauen-hannover.de\/wp-content\/uploads\/2019\/09\/b-logo.png 498w, https:\/\/www.kreislandfrauen-hannover.de\/wp-content\/uploads\/2019\/09\/b-logo-300x61.png 300w\" sizes=\"auto, (max-width: 498px) 100vw, 498px\" \/><\/figure>\n\n\n\n<hr class=\"wp-block-separator has-css-opacity is-style-wide\"\/>\n\n\n\n<h2 class=\"wp-block-heading has-text-align-center\" id=\"veranstaltungen\">Veranstaltungen<\/h2>\n\n\n\n<hr class=\"wp-block-separator has-css-opacity is-style-wide\"\/>\n\n\n\n<p class=\"has-text-align-center has-text-color wp-block-paragraph\" style=\"color:#1105b4;font-size:25px\"><strong>Programm 2026 \/ 2027<\/strong><\/p>\n\n\n\n<p class=\"has-text-align-center has-text-color wp-block-paragraph\" style=\"color:#1105b4;font-size:20px\"><strong>Zu allen Veranstaltungen ist eine Anmeldung erforderlich!<\/strong><br><br>Bitte grunds\u00e4tzlich <strong>sp\u00e4testens 10 Tage vor den Veranstaltungen<\/strong> bei den Ortsvertreterinnen anmelden. Eine sp\u00e4tere Anmeldung kann aus organisatorischen Gr\u00fcnden nicht mehr angenommen werden.<br><br>Bei Nichtteilnahme an einer Veranstaltung sind die entstandenen Kosten zu tragen. Nach R\u00fccksprache ist es m\u00f6glich eine Ersatzperson f\u00fcr die Veranstaltung zu nennen. <strong>    <\/strong> <br><em>\u00dcber Programm\u00e4nderungen werden wir rechtzeitig hier informieren. Nat\u00fcrlich auch  in der \u00f6rtlichen Zeitung und \u00fcber die Ortsvertreterinnen.<\/em><\/p>\n\n\n\n<figure class=\"wp-block-table\"><table class=\"has-background has-fixed-layout\" style=\"background-color:#9ff124\"><tbody><tr><td class=\"has-text-align-center\" data-align=\"center\"><strong>August \/ September 2026<\/strong><\/td><td class=\"has-text-align-center\" data-align=\"center\">Fahrradtour 2026<\/td><td class=\"has-text-align-center\" data-align=\"center\"><strong>Radtour ca. 40 km<\/strong> mit unbekanntem Ziel<\/td><\/tr><\/tbody><\/table><\/figure>\n\n\n\n<p class=\"wp-block-paragraph\"><\/p>\n\n\n\n<figure class=\"wp-block-table advgb-dyn-a503b593\"><table class=\"has-fixed-layout\"><tbody><tr><td><strong>Datum, Uhrzeit<br>Veranstaltungsort<\/strong><\/td><td class=\"has-text-align-center\" data-align=\"center\"><strong>Art der <br>Veranstaltung<\/strong><\/td><td class=\"has-text-align-left\" data-align=\"left\"><strong>Thema<br>Referent (in<\/strong>)<\/td><\/tr><tr><td>Sonntag, 20. September 2026<\/td><td class=\"has-text-align-center\" data-align=\"center\">Regionserntefest<\/td><td class=\"has-text-align-left\" data-align=\"left\">Regionserntefest mit Dreschfest in Burgdorf\/Schillerslage<\/td><\/tr><tr><td><br><br>Mittwoch, 07.10.2026 &#8211; 19.00 Uhr<br><strong>Achtung neuer Veranstaltungsort:<\/strong><br>Hotel Wehrmann-Blume, Wunstorf<br><br><strong><em>Anmeldung bis zum 28.09.26<\/em><\/strong><\/td><td class=\"has-text-align-center\" data-align=\"center\"><br><br>Vortrag<\/td><td class=\"has-text-align-left\" data-align=\"left\"><strong>&#8222;Wie wir wurden was wir sind&#8220; Teil 4<\/strong><br><strong>Die 80er Jahre bis zur deutschen Einheit<\/strong><br>Es werden wichtige Ereignisse und Entwicklungen in den 80er Jahren dargestellt. Das Lebensgef\u00fchl der Menschen wird mit Schlagern und Liedern aus der Zeit illustriert.<br><br>Ref.: Wolfgang Borchardt, Clausthal-Zellerfeld<\/td><\/tr><tr><td>Mittwoch, 04.11.2026 &#8211; 15.00 Uhr <br>Restaurant Hafenblick, Seelze<br><br><strong><em>Anmeldung bis zum 25.10.2026<\/em><\/strong><\/td><td class=\"has-text-align-center\" data-align=\"center\"><br>Multimediashow<\/td><td class=\"has-text-align-left\" data-align=\"left\">&#8222;<strong>Leben wie Gott in Frankreich&#8220;<\/strong> &#8211; Die Schl\u00f6sser und G\u00e4rten der Loire<br><br>Ref.: Wolfgang Nieschalk, Nordstemmen<\/td><\/tr><tr><td><br>Mittwoch, 11. 11. 2026<\/td><td class=\"has-text-align-center\" data-align=\"center\"><br><br>Besichtigung<\/td><td class=\"has-text-align-left\" data-align=\"left\"><strong>Besichtigung Landschlachterei Gramann &amp;<\/strong> <strong>Ahrberg<\/strong> in Pattensen mit kleinem Fr\u00fchst\u00fcck<br><br><strong><em>Der Termin wird rechtzeitig bekannt gegeben<\/em><\/strong><\/td><\/tr><tr><td>Donnerstag, 10.12.2026 &#8211; 15.00 Uhr<br>Gasthaus M\u00fcller, G\u00f6xe<br><br><strong><em>Anmeldung bis zum 30.11.26<\/em><\/strong><\/td><td class=\"has-text-align-center\" data-align=\"center\"><br><strong>Weihnachtsfeier<\/strong><\/td><td class=\"has-text-align-left\" data-align=\"left\"><strong>Weihnachtsfeier &#8211; <\/strong>Wir gestalten unsere Weihnachtsfeier mit Geschichten und Liedern durch Mitglieder des Vereins<\/td><\/tr><tr><td>Samstag, 23. 01.2027 &#8211; 9.30 Uhr<br><strong>Achtung neuer Veranstaltungsort:<\/strong><br>Hotel Wehrmann-Blume, Wunstorf<br><br><strong><em>Anmeldung bis zum 13.01.2027<\/em><\/strong><br><\/td><td class=\"has-text-align-center\" data-align=\"center\"><br><br><strong>LandFrauen &#8211; Fr\u00fchst\u00fcck<\/strong><\/td><td class=\"has-text-align-left\" data-align=\"left\"><strong>&#8222;Leben f\u00fcr Fortgeschrittene&#8220; <\/strong>&#8211; Der Weg in eine gute Zukunft, oder \u00e4lter werden immer nur die Anderen<br><br>Ref.: Sabine von Krosigk, Braunschweig<\/td><\/tr><tr><td>Donnerstag, 18.02.2027 &#8211; 15.00Uhr<br>Gasthaus M\u00fcller, G\u00f6xe<br><br><strong><em>Anmeldung bis zum 08.02.2027<\/em><\/strong><\/td><td class=\"has-text-align-center\" data-align=\"center\"><br><br><strong>Mitgliederversammlung<\/strong><\/td><td class=\"has-text-align-left\" data-align=\"left\"><strong> <\/strong><br><strong>&#8222;Einblick in die Wasserversorgung von Barsinghausen<\/strong>&#8220; <br><br>Ref.: Herr Bloise, Wasserwerk Eckerde<\/td><\/tr><tr><td>Montag, 15.03.2027 &#8211; 19.00 Uhr<br><strong>Achtung neuer Veranstaltungsort:<\/strong><br>Sportheim Gro\u00df Munzel<br><br><strong><em>Anmeldung bis zum 05.03.2027<\/em><\/strong><\/td><td class=\"has-text-align-center\" data-align=\"center\"><br><br>Lesung<\/td><td class=\"has-text-align-left\" data-align=\"left\">&#8222;<strong>Krimi &#8211; Lesung&#8220;<\/strong> &#8211; Entstaubte Kriminalakten vom Dachboden der \u00f6rtlichen Dorfpolizisten. Danach bekommen wir vorbeugend die neuesten Tricks der Betr\u00fcger vermittelt<br><br>Ref.: Manfred Heinze, ehemaliger Polizist aus Neustadt<\/td><\/tr><tr><td><br><br>April \/ Mai 2027<\/td><td class=\"has-text-align-center\" data-align=\"center\"><br><br><br>Besichtigung<\/td><td class=\"has-text-align-left\" data-align=\"left\"><strong>M\u00f6llers Fischmanufaktur Hemmingen-Harkenbleck<\/strong> &#8211; Fischessen am See mit kleinem Einblick in den Betrieb<br><br><em><strong>Der Termin wird rechtzeitig bekannt gegeben<\/strong><\/em><\/td><\/tr><tr><td>Mittwoch, 21.04.2027 &#8211; 15.00 Uhr<br>Restaurant Hafenblick, Seelze<br><br><strong><em>Anmeldung bis zum 11.04.2027<\/em><\/strong><\/td><td class=\"has-text-align-center\" data-align=\"center\"><br><br>Vortrag<\/td><td class=\"has-text-align-left\" data-align=\"left\"><strong>&#8222;Ern\u00e4hrung und Gesundheit&#8220; <\/strong>&#8211; Was haben gesunde Gelenke und ein gesunder R\u00fccken mit der Ern\u00e4hrung zu tun? <br><br>Ref.: Renate Frank, Roseburg\/Lauenburg<\/td><\/tr><tr><td><br><br>Juni 2027<\/td><td class=\"has-text-align-center\" data-align=\"center\"><br><br>Besichtigung<\/td><td class=\"has-text-align-left\" data-align=\"left\"><strong>Besichtigung Kuhstall Fricke in Ihme-Roloven <\/strong>&#8211; anschl. Kaffeetrinkern im Erdbeercafe<br><br><strong><em>Der Termin wird rechtzeitig bekannt gegeben<\/em><\/strong><\/td><\/tr><tr><td><br>16. 06. 2027<\/td><td class=\"has-text-align-center\" data-align=\"center\"><br>Tagesfahrt<\/td><td class=\"has-text-align-left\" data-align=\"left\"><strong>Landgest\u00fct Celle &#8211; <\/strong>es erwartet uns eine spannende Reise durch nahezu 300 Jahre Gest\u00fctsgeschichte und nat\u00fcrlich viele edle Pferde. Anschl. Mittagessen und freie Zeit in Celle<\/td><\/tr><tr><td><br>Juli 2027<\/td><td class=\"has-text-align-center\" data-align=\"center\"><br>Besichtigung<\/td><td class=\"has-text-align-left\" data-align=\"left\"><strong>Besichtigung Blumenfeld Volker, Seelze-D\u00f6teberg<\/strong> &#8211; anschlie\u00dfend Kaffeetrinken<br><br><strong><em>Der Termin wird rechtzeitig bekannt gegeben<\/em><\/strong><\/td><\/tr><tr><td><br>14.07.2027<\/td><td class=\"has-text-align-center\" data-align=\"center\"><br>Halbtagesfahrt<\/td><td class=\"has-text-align-left\" data-align=\"left\"><strong>Bad Salzuflen <\/strong>&#8211; Fahrt durchs Lipperland. Es gibt die M\u00f6glichkeit zur Besichtigung des Kurparks, des Gradierwerkes und der Altstadt<\/td><\/tr><tr><td><strong>August \/ September 202<\/strong>7<\/td><td class=\"has-text-align-center\" data-align=\"center\">Fahrradtour 2027<\/td><td class=\"has-text-align-left\" data-align=\"left\"><strong>Radtour ca. 40 km<\/strong> mit unbekanntem Ziel<\/td><\/tr><tr><td><strong>Jeden Donnerstag 17.00 Uhr<br>Turnhalle Gro\u00df Munzel<\/strong><\/td><td class=\"has-text-align-center\" data-align=\"center\"><\/td><td class=\"has-text-align-left\" data-align=\"left\"><strong>Gymnastik <\/strong><br>Leiterin Astrid Brinker<\/td><\/tr><\/tbody><\/table><\/figure>\n\n\n\n<p class=\"wp-block-paragraph\"><strong>Interessierte (Nichtmitglieder) sind zu allen Veranstaltungen herzlich willkommen<\/strong> <br>Wir bitten um einen Gastbeitrag von 5,00 \u20ac <br><strong>Bei kurzfristigen Absagen, innerhalb 8 Tagen vor Veranstaltungsbeginn, zB. Theater\/Fahrt, usw., bitte f\u00fcr eine Ersatzperson sorgen, ansonsten sind die angefallenen Kosten zu tragen<\/strong>.<\/p>\n\n\n\n<p class=\"wp-block-paragraph\">Das\u00a0<strong>gesamte Programm\u00a020256 \/ 2027<\/strong> finden Sie <strong>hier!<\/strong><\/p>\n\n\n\n<hr class=\"wp-block-separator has-css-opacity is-style-wide\"\/>\n\n\n\n<p class=\"has-text-align-center wp-block-paragraph\"><\/p>\n\n\n\n<p class=\"wp-block-paragraph\"><\/p>\n","protected":false},"excerpt":{"rendered":"<p>Veranstaltungen Programm 2026 \/ 2027 Zu allen Veranstaltungen ist eine Anmeldung erforderlich! Bitte grunds\u00e4tzlich sp\u00e4testens 10 Tage vor den Veranstaltungen bei den Ortsvertreterinnen anmelden. Eine sp\u00e4tere Anmeldung kann aus organisatorischen Gr\u00fcnden nicht mehr angenommen werden. Bei Nichtteilnahme an einer Veranstaltung sind die entstandenen Kosten zu tragen. Nach R\u00fccksprache ist es m\u00f6glich eine Ersatzperson f\u00fcr die [&hellip;]<\/p>\n","protected":false},"author":1,"featured_media":0,"parent":0,"menu_order":0,"comment_status":"closed","ping_status":"closed","template":"","meta":{"advgb_blocks_editor_width":"","advgb_blocks_columns_visual_guide":"","footnotes":""},"class_list":["post-36","page","type-page","status-publish","hentry","entry"],"coauthors":[],"author_meta":{"author_link":"https:\/\/www.kreislandfrauen-hannover.de\/?author=1","display_name":"admin"},"relative_dates":{"created":"Ver\u00f6ffentlicht 7\u00a0Jahren vor","modified":"Aktualisiert 1\u00a0Monat vor"},"absolute_dates":{"created":"Ver\u00f6ffentlicht am 26. September 2019","modified":"Aktualisiert am 4. August 2026"},"absolute_dates_time":{"created":"Ver\u00f6ffentlicht am 26. September 2019 9:17 a.m.","modified":"Aktualisiert am 4. August 2026 9:21 p.m."},"featured_img_caption":"","featured_img":false,"series_order":"","_links":{"self":[{"href":"https:\/\/www.kreislandfrauen-hannover.de\/index.php?rest_route=\/wp\/v2\/pages\/36","targetHints":{"allow":["GET"]}}],"collection":[{"href":"https:\/\/www.kreislandfrauen-hannover.de\/index.php?rest_route=\/wp\/v2\/pages"}],"about":[{"href":"https:\/\/www.kreislandfrauen-hannover.de\/index.php?rest_route=\/wp\/v2\/types\/page"}],"author":[{"embeddable":true,"href":"https:\/\/www.kreislandfrauen-hannover.de\/index.php?rest_route=\/wp\/v2\/users\/1"}],"replies":[{"embeddable":true,"href":"https:\/\/www.kreislandfrauen-hannover.de\/index.php?rest_route=%2Fwp%2Fv2%2Fcomments&post=36"}],"version-history":[{"count":590,"href":"https:\/\/www.kreislandfrauen-hannover.de\/index.php?rest_route=\/wp\/v2\/pages\/36\/revisions"}],"predecessor-version":[{"id":8722,"href":"https:\/\/www.kreislandfrauen-hannover.de\/index.php?rest_route=\/wp\/v2\/pages\/36\/revisions\/8722"}],"wp:attachment":[{"href":"https:\/\/www.kreislandfrauen-hannover.de\/index.php?rest_route=%2Fwp%2Fv2%2Fmedia&parent=36"}],"curies":[{"name":"wp","href":"https:\/\/api.w.org\/{rel}","templated":true}]}}